{"id":218,"date":"2022-10-24T17:34:50","date_gmt":"2022-10-24T15:34:50","guid":{"rendered":"https:\/\/www.hotelbelalp.com\/?page_id=218"},"modified":"2025-02-08T14:49:55","modified_gmt":"2025-02-08T13:49:55","slug":"tourismus-in-chatel","status":"publish","type":"page","link":"https:\/\/www.hotelbelalp.com\/de\/tourisme-a-chatel\/","title":{"rendered":"Tourismus"},"content":{"rendered":"<div data-elementor-type=\"wp-page\" data-elementor-id=\"218\" class=\"elementor elementor-218\" data-elementor-post-type=\"page\">\n\t\t\t\t\t\t<section class=\"elementor-section elementor-top-section elementor-element elementor-element-59e418ce elementor-section-full_width elementor-section-height-min-height elementor-section-content-middle elementor-section-height-default elementor-section-items-middle\" data-id=\"59e418ce\" data-element_type=\"section\" data-e-type=\"section\" data-settings=\"{&quot;background_background&quot;:&quot;classic&quot;}\">\n\t\t\t\t\t\t<div class=\"elementor-container elementor-column-gap-default\">\n\t\t\t\t\t<div class=\"elementor-column elementor-col-100 elementor-top-column elementor-element elementor-element-4f60004e\" data-id=\"4f60004e\" data-element_type=\"column\" data-e-type=\"column\">\n\t\t\t<div class=\"elementor-widget-wrap\">\n\t\t\t\t\t\t\t<\/div>\n\t\t<\/div>\n\t\t\t\t\t<\/div>\n\t\t<\/section>\n\t\t<div class=\"elementor-element elementor-element-8eacf9c e-flex e-con-boxed e-con e-parent\" data-id=\"8eacf9c\" data-element_type=\"container\" data-e-type=\"container\">\n\t\t\t\t\t<div class=\"e-con-inner\">\n\t\t\t\t<div class=\"elementor-element elementor-element-75e4612 elementor-widget elementor-widget-heading\" data-id=\"75e4612\" data-element_type=\"widget\" data-e-type=\"widget\" data-widget_type=\"heading.default\">\n\t\t\t\t<div class=\"elementor-widget-container\">\n\t\t\t\t\t<h2 class=\"elementor-heading-title elementor-size-default\">- CH\u00c2TEL -<\/h2>\t\t\t\t<\/div>\n\t\t\t\t<\/div>\n\t\t\t\t\t<\/div>\n\t\t\t\t<\/div>\n\t\t\t\t<section class=\"elementor-section elementor-top-section elementor-element elementor-element-340606b6 elementor-section-content-middle elementor-section-boxed elementor-section-height-default elementor-section-height-default\" data-id=\"340606b6\" data-element_type=\"section\" data-e-type=\"section\">\n\t\t\t\t\t\t<div class=\"elementor-container elementor-column-gap-default\">\n\t\t\t\t\t<div class=\"elementor-column elementor-col-100 elementor-top-column elementor-element elementor-element-6402e59c\" data-id=\"6402e59c\" data-element_type=\"column\" data-e-type=\"column\">\n\t\t\t<div class=\"elementor-widget-wrap elementor-element-populated\">\n\t\t\t\t\t\t<div class=\"elementor-element elementor-element-2164005c elementor-widget elementor-widget-heading\" data-id=\"2164005c\" data-element_type=\"widget\" data-e-type=\"widget\" data-widget_type=\"heading.default\">\n\t\t\t\t<div class=\"elementor-widget-container\">\n\t\t\t\t\t<h2 class=\"elementor-heading-title elementor-size-default\">UNSER HOTEL IN CH\u00c2TEL \u00d6FFNET IHNEN DIE T\u00dcREN ZUR SONNE<\/h2>\t\t\t\t<\/div>\n\t\t\t\t<\/div>\n\t\t\t\t<div class=\"elementor-element elementor-element-13b68893 elementor-widget elementor-widget-text-editor\" data-id=\"13b68893\" data-element_type=\"widget\" data-e-type=\"widget\" data-widget_type=\"text-editor.default\">\n\t\t\t\t<div class=\"elementor-widget-container\">\n\t\t\t\t\t\t\t\t\t<p>WILLKOMMEN IM HERZEN DES VALLEY D'ABONDANCE!<\/p>\t\t\t\t\t\t\t\t<\/div>\n\t\t\t\t<\/div>\n\t\t\t\t\t<\/div>\n\t\t<\/div>\n\t\t\t\t\t<\/div>\n\t\t<\/section>\n\t\t\t\t<section class=\"elementor-section elementor-top-section elementor-element elementor-element-3619878e elementor-reverse-tablet elementor-section-boxed elementor-section-height-default elementor-section-height-default\" data-id=\"3619878e\" data-element_type=\"section\" data-e-type=\"section\">\n\t\t\t\t\t\t<div class=\"elementor-container elementor-column-gap-default\">\n\t\t\t\t\t<div class=\"elementor-column elementor-col-50 elementor-top-column elementor-element elementor-element-2cb7cbc4\" data-id=\"2cb7cbc4\" data-element_type=\"column\" data-e-type=\"column\">\n\t\t\t<div class=\"elementor-widget-wrap elementor-element-populated\">\n\t\t\t\t\t\t<div class=\"elementor-element elementor-element-271d2a66 elementor-widget elementor-widget-spacer\" data-id=\"271d2a66\" data-element_type=\"widget\" data-e-type=\"widget\" data-widget_type=\"spacer.default\">\n\t\t\t\t<div class=\"elementor-widget-container\">\n\t\t\t\t\t\t\t<div class=\"elementor-spacer\">\n\t\t\t<div class=\"elementor-spacer-inner\"><\/div>\n\t\t<\/div>\n\t\t\t\t\t\t<\/div>\n\t\t\t\t<\/div>\n\t\t\t\t\t<\/div>\n\t\t<\/div>\n\t\t\t\t<div class=\"elementor-column elementor-col-50 elementor-top-column elementor-element elementor-element-56df70bd\" data-id=\"56df70bd\" data-element_type=\"column\" data-e-type=\"column\">\n\t\t\t<div class=\"elementor-widget-wrap elementor-element-populated\">\n\t\t\t\t\t\t<div class=\"elementor-element elementor-element-d8ce9b3 elementor-widget elementor-widget-text-editor\" data-id=\"d8ce9b3\" data-element_type=\"widget\" data-e-type=\"widget\" data-widget_type=\"text-editor.default\">\n\t\t\t\t<div class=\"elementor-widget-container\">\n\t\t\t\t\t\t\t\t\t<p>Wenn Sie Ihren Urlaub in Ch\u00e2tel verbringen, k\u00f6nnen Sie sicher sein, dass Sie einen totalen Tapetenwechsel erleben werden! Rund um unser Hotel werden Sie ein echtes Bergdorf entdecken, das inmitten majest\u00e4tischer Horizonte liegt. Der Ort ist zu jeder Jahreszeit belebt und bietet Ihnen die Sanftheit seiner traditionellen Architektur und die Pracht seiner Natur.<\/p><p>\u00a0<\/p><p>Innerhalb des Dorfes k\u00f6nnen Sie von den zahlreichen Freizeiteinrichtungen profitieren: Eislaufbahn (im Winter), Schwimmbad, Tennis, Bikepark, Baumklettern, Fantasticable, Kino... aber Sie k\u00f6nnen auch \u00fcber einen au\u00dfergew\u00f6hnlichen Spielplatz verf\u00fcgen: die Portes du Soleil.<\/p><p>\u00a0<\/p><p>Im Winter l\u00e4dt dieses riesige alpine Skigebiet zwischen Frankreich und der Schweiz dazu ein, unz\u00e4hlige Pisten in einem authentischen Naturreservat mit Pulverschnee hinunter zu sausen.<\/p><p>\u00a0<\/p><p>Im Sommer enth\u00fcllen die Portes du Soleil ihre Almen und Weiden und laden Sie in ein Meer von Gr\u00fcn ein, das Sie zu Fu\u00df oder mit dem Fahrrad konsumieren k\u00f6nnen. Auf dem Programm stehen hunderte Kilometer markierte Wanderwege und Mountainbike-Strecken, rund 50 pr\u00e4parierte Downhill-Strecken und atemberaubende Aussichten.<\/p>\t\t\t\t\t\t\t\t<\/div>\n\t\t\t\t<\/div>\n\t\t\t\t\t<\/div>\n\t\t<\/div>\n\t\t\t\t\t<\/div>\n\t\t<\/section>\n\t\t\t\t<section class=\"elementor-section elementor-top-section elementor-element elementor-element-8201490 elementor-reverse-tablet elementor-section-boxed elementor-section-height-default elementor-section-height-default\" data-id=\"8201490\" data-element_type=\"section\" data-e-type=\"section\">\n\t\t\t\t\t\t<div class=\"elementor-container elementor-column-gap-default\">\n\t\t\t\t\t<div class=\"elementor-column elementor-col-50 elementor-top-column elementor-element elementor-element-b364b4e\" data-id=\"b364b4e\" data-element_type=\"column\" data-e-type=\"column\">\n\t\t\t<div class=\"elementor-widget-wrap elementor-element-populated\">\n\t\t\t\t\t\t<div class=\"elementor-element elementor-element-d976c2f elementor-widget__width-initial elementor-widget elementor-widget-text-editor\" data-id=\"d976c2f\" data-element_type=\"widget\" data-e-type=\"widget\" data-widget_type=\"text-editor.default\">\n\t\t\t\t<div class=\"elementor-widget-container\">\n\t\t\t\t\t\t\t\t\t<p>Ein Dichter h\u00e4tte bei seinem Besuch in Ch\u00e2tel schreiben k\u00f6nnen: \"Hier ist alles nur Ruhe und Sch\u00f6nheit\". In der Tat besitzt dieses kleine Dorf in Hochsavoyen einen seltenen Charme, der Geselligkeit, sanfte Lebensart und die Bewahrung von Traditionen miteinander verbindet, und das alles in einer majest\u00e4tischen nat\u00fcrlichen Umgebung. Am Fu\u00dfe der Berge werden Sie einen Ort mit einer erhaltenen Architektur entdecken, in dem die Holzchalets stolz ihre blumengeschm\u00fcckten Balkone zur Schau stellen. Diese f\u00fcr das Tal von Abondance charakteristischen H\u00e4user beeindrucken durch ihre Gr\u00f6\u00dfe, ihre flach geneigten D\u00e4cher und ihre nach S\u00fcden ausgerichteten Fassaden, die im Laufe der Zeit und an sonnigen Tagen eine sch\u00f6ne Patina in einem r\u00f6tlichen Farbton angesetzt haben.<\/p><p><br \/>Bei einem Spaziergang werden Sie die kleine neugotische Kirche Saint-Laurent de Ch\u00e2tel, die vor \u00fcber 200 Jahren errichteten Kapellen von Vonnes und Essert sowie die zahlreichen Oratorien entlang der Stra\u00dfen zu sch\u00e4tzen wissen. In der N\u00e4he des Hotels k\u00f6nnen Sie auch die Vieille Douane entdecken, ein ehemaliges Zollamt, das heute ein Museum ist. Dieser Ort erinnert an den Grenzcharakter der Gemeinde und l\u00e4dt Sie dazu ein, auf der Jagd nach den alten Schmugglern in die Vergangenheit zu reisen.<\/p>\t\t\t\t\t\t\t\t<\/div>\n\t\t\t\t<\/div>\n\t\t\t\t\t<\/div>\n\t\t<\/div>\n\t\t\t\t<div class=\"elementor-column elementor-col-50 elementor-top-column elementor-element elementor-element-1ce2b22\" data-id=\"1ce2b22\" data-element_type=\"column\" data-e-type=\"column\">\n\t\t\t<div class=\"elementor-widget-wrap elementor-element-populated\">\n\t\t\t\t\t\t<div class=\"elementor-element elementor-element-ba19c31 elementor-widget elementor-widget-spacer\" data-id=\"ba19c31\" data-element_type=\"widget\" data-e-type=\"widget\" data-widget_type=\"spacer.default\">\n\t\t\t\t<div class=\"elementor-widget-container\">\n\t\t\t\t\t\t\t<div class=\"elementor-spacer\">\n\t\t\t<div class=\"elementor-spacer-inner\"><\/div>\n\t\t<\/div>\n\t\t\t\t\t\t<\/div>\n\t\t\t\t<\/div>\n\t\t\t\t\t<\/div>\n\t\t<\/div>\n\t\t\t\t\t<\/div>\n\t\t<\/section>\n\t\t\t\t<section class=\"elementor-section elementor-top-section elementor-element elementor-element-005995a elementor-section-full_width elementor-section-height-default elementor-section-height-default\" data-id=\"005995a\" data-element_type=\"section\" data-e-type=\"section\">\n\t\t\t\t\t\t<div class=\"elementor-container elementor-column-gap-default\">\n\t\t\t\t\t<div class=\"elementor-column elementor-col-33 elementor-top-column elementor-element elementor-element-2e8e865\" data-id=\"2e8e865\" data-element_type=\"column\" data-e-type=\"column\">\n\t\t\t<div class=\"elementor-widget-wrap elementor-element-populated\">\n\t\t\t\t\t<div class=\"elementor-background-overlay\"><\/div>\n\t\t\t\t\t\t<div class=\"elementor-element elementor-element-695c728 elementor-cta--skin-cover elementor-animated-content elementor-bg-transform elementor-bg-transform-zoom-in elementor-widget elementor-widget-call-to-action\" data-id=\"695c728\" data-element_type=\"widget\" data-e-type=\"widget\" data-widget_type=\"call-to-action.default\">\n\t\t\t\t<div class=\"elementor-widget-container\">\n\t\t\t\t\t\t\t<a class=\"elementor-cta\" href=\"https:\/\/www.hotelbelalp.com\/de\/en-ete\/\">\n\t\t\t\t\t<div class=\"elementor-cta__bg-wrapper\">\n\t\t\t\t<div class=\"elementor-cta__bg elementor-bg\" style=\"background-image: url(https:\/\/www.hotelbelalp.com\/wp-content\/uploads\/2025\/02\/20230808_122633-1024x768.jpg);\" role=\"img\" aria-label=\"20230808_122633\"><\/div>\n\t\t\t\t<div class=\"elementor-cta__bg-overlay\"><\/div>\n\t\t\t<\/div>\n\t\t\t\t\t\t\t<div class=\"elementor-cta__content\">\n\t\t\t\t\n\t\t\t\t\t\t\t\t\t<span class=\"elementor-cta__title elementor-cta__content-item elementor-content-item elementor-animated-item--grow\">\n\t\t\t\t\t\tim Sommer\t\t\t\t\t<\/span>\n\t\t\t\t\n\t\t\t\t\n\t\t\t\t\t\t\t\t\t<div class=\"elementor-cta__button-wrapper elementor-cta__content-item elementor-content-item elementor-animated-item--grow\">\n\t\t\t\t\t<span class=\"elementor-cta__button elementor-button elementor-size-\">\n\t\t\t\t\t\tMehr erfahren\t\t\t\t\t<\/span>\n\t\t\t\t\t<\/div>\n\t\t\t\t\t\t\t<\/div>\n\t\t\t\t\t\t<\/a>\n\t\t\t\t\t\t<\/div>\n\t\t\t\t<\/div>\n\t\t\t\t\t<\/div>\n\t\t<\/div>\n\t\t\t\t<div class=\"elementor-column elementor-col-33 elementor-top-column elementor-element elementor-element-ef7bb95\" data-id=\"ef7bb95\" data-element_type=\"column\" data-e-type=\"column\">\n\t\t\t<div class=\"elementor-widget-wrap elementor-element-populated\">\n\t\t\t\t\t<div class=\"elementor-background-overlay\"><\/div>\n\t\t\t\t\t\t<div class=\"elementor-element elementor-element-96975a2 elementor-cta--skin-cover elementor-animated-content elementor-bg-transform elementor-bg-transform-zoom-in elementor-widget elementor-widget-call-to-action\" data-id=\"96975a2\" data-element_type=\"widget\" data-e-type=\"widget\" data-widget_type=\"call-to-action.default\">\n\t\t\t\t<div class=\"elementor-widget-container\">\n\t\t\t\t\t\t\t<a class=\"elementor-cta\" href=\"https:\/\/www.hotelbelalp.com\/de\/domaine-skiable-portes-du-soleil\/\">\n\t\t\t\t\t<div class=\"elementor-cta__bg-wrapper\">\n\t\t\t\t<div class=\"elementor-cta__bg elementor-bg\" style=\"background-image: url(https:\/\/www.hotelbelalp.com\/wp-content\/uploads\/2022\/11\/Portes-du-Soleil-Matthieu-Vitre-3-1024x683.jpg);\" role=\"img\" aria-label=\"Portes du Soleil-Matthieu Vitr\u00e9-3\"><\/div>\n\t\t\t\t<div class=\"elementor-cta__bg-overlay\"><\/div>\n\t\t\t<\/div>\n\t\t\t\t\t\t\t<div class=\"elementor-cta__content\">\n\t\t\t\t\n\t\t\t\t\t\t\t\t\t<span class=\"elementor-cta__title elementor-cta__content-item elementor-content-item elementor-animated-item--grow\">\n\t\t\t\t\t\tdomaine les portes du soleil\t\t\t\t\t<\/span>\n\t\t\t\t\n\t\t\t\t\n\t\t\t\t\t\t\t\t\t<div class=\"elementor-cta__button-wrapper elementor-cta__content-item elementor-content-item elementor-animated-item--grow\">\n\t\t\t\t\t<span class=\"elementor-cta__button elementor-button elementor-size-\">\n\t\t\t\t\t\tMehr erfahren\t\t\t\t\t<\/span>\n\t\t\t\t\t<\/div>\n\t\t\t\t\t\t\t<\/div>\n\t\t\t\t\t\t<\/a>\n\t\t\t\t\t\t<\/div>\n\t\t\t\t<\/div>\n\t\t\t\t\t<\/div>\n\t\t<\/div>\n\t\t\t\t<div class=\"elementor-column elementor-col-33 elementor-top-column elementor-element elementor-element-210420b\" data-id=\"210420b\" data-element_type=\"column\" data-e-type=\"column\">\n\t\t\t<div class=\"elementor-widget-wrap elementor-element-populated\">\n\t\t\t\t\t<div class=\"elementor-background-overlay\"><\/div>\n\t\t\t\t\t\t<div class=\"elementor-element elementor-element-da8a5cd elementor-cta--skin-cover elementor-animated-content elementor-bg-transform elementor-bg-transform-zoom-in elementor-widget elementor-widget-call-to-action\" data-id=\"da8a5cd\" data-element_type=\"widget\" data-e-type=\"widget\" data-widget_type=\"call-to-action.default\">\n\t\t\t\t<div class=\"elementor-widget-container\">\n\t\t\t\t\t\t\t<a class=\"elementor-cta\" href=\"https:\/\/www.hotelbelalp.com\/de\/activites-hotel-super-chatel\/\">\n\t\t\t\t\t<div class=\"elementor-cta__bg-wrapper\">\n\t\t\t\t<div class=\"elementor-cta__bg elementor-bg\" style=\"background-image: url(https:\/\/www.hotelbelalp.com\/wp-content\/uploads\/2025\/02\/20220511_102259-1024x768.jpg);\" role=\"img\" aria-label=\"20220511_102259\"><\/div>\n\t\t\t\t<div class=\"elementor-cta__bg-overlay\"><\/div>\n\t\t\t<\/div>\n\t\t\t\t\t\t\t<div class=\"elementor-cta__content\">\n\t\t\t\t\n\t\t\t\t\t\t\t\t\t<span class=\"elementor-cta__title elementor-cta__content-item elementor-content-item elementor-animated-item--grow\">\n\t\t\t\t\t\tin der N\u00e4he des Hotels\t\t\t\t\t<\/span>\n\t\t\t\t\n\t\t\t\t\n\t\t\t\t\t\t\t\t\t<div class=\"elementor-cta__button-wrapper elementor-cta__content-item elementor-content-item elementor-animated-item--grow\">\n\t\t\t\t\t<span class=\"elementor-cta__button elementor-button elementor-size-\">\n\t\t\t\t\t\tMehr erfahren\t\t\t\t\t<\/span>\n\t\t\t\t\t<\/div>\n\t\t\t\t\t\t\t<\/div>\n\t\t\t\t\t\t<\/a>\n\t\t\t\t\t\t<\/div>\n\t\t\t\t<\/div>\n\t\t\t\t\t<\/div>\n\t\t<\/div>\n\t\t\t\t\t<\/div>\n\t\t<\/section>\n\t\t\t\t<\/div>","protected":false},"excerpt":{"rendered":"<p>&#8211; CH\u00c2TEL &#8211; NOTRE H\u00d4TEL \u00c0 CH\u00c2TEL VOUS OUVRE LES PORTES DU SOLEIL BIENVENUE AU C\u0152UR DE LA VALL\u00c9E D\u2019ABONDANCE ! Passer des vacances \u00e0 Ch\u00e2tel, c&rsquo;est avoir l&rsquo;assurance de b\u00e9n\u00e9ficier d&rsquo;un d\u00e9paysement total ! Autour de notre h\u00f4tel, vous d\u00e9couvrirez un v\u00e9ritable village de montagne plong\u00e9 au c\u0153ur d&rsquo;horizons majestueux. Anim\u00e9e en toutes saisons, [&hellip;]<\/p>\n","protected":false},"author":12,"featured_media":0,"parent":0,"menu_order":0,"comment_status":"closed","ping_status":"closed","template":"","meta":{"inline_featured_image":false,"footnotes":""},"class_list":["post-218","page","type-page","status-publish","hentry"],"_links":{"self":[{"href":"https:\/\/www.hotelbelalp.com\/de\/wp-json\/wp\/v2\/pages\/218","targetHints":{"allow":["GET"]}}],"collection":[{"href":"https:\/\/www.hotelbelalp.com\/de\/wp-json\/wp\/v2\/pages"}],"about":[{"href":"https:\/\/www.hotelbelalp.com\/de\/wp-json\/wp\/v2\/types\/page"}],"author":[{"embeddable":true,"href":"https:\/\/www.hotelbelalp.com\/de\/wp-json\/wp\/v2\/users\/12"}],"replies":[{"embeddable":true,"href":"https:\/\/www.hotelbelalp.com\/de\/wp-json\/wp\/v2\/comments?post=218"}],"version-history":[{"count":85,"href":"https:\/\/www.hotelbelalp.com\/de\/wp-json\/wp\/v2\/pages\/218\/revisions"}],"predecessor-version":[{"id":2004,"href":"https:\/\/www.hotelbelalp.com\/de\/wp-json\/wp\/v2\/pages\/218\/revisions\/2004"}],"wp:attachment":[{"href":"https:\/\/www.hotelbelalp.com\/de\/wp-json\/wp\/v2\/media?parent=218"}],"curies":[{"name":"wp","href":"https:\/\/api.w.org\/{rel}","templated":true}]}}