{"id":676,"date":"2022-11-02T15:48:35","date_gmt":"2022-11-02T14:48:35","guid":{"rendered":"https:\/\/www.hotelbelalp.com\/?page_id=676"},"modified":"2025-12-24T14:48:31","modified_gmt":"2025-12-24T13:48:31","slug":"actualites-chatel-hotel","status":"publish","type":"page","link":"https:\/\/www.hotelbelalp.com\/de\/actualites-chatel-hotel\/","title":{"rendered":"Nachrichten"},"content":{"rendered":"<div data-elementor-type=\"wp-page\" data-elementor-id=\"676\" class=\"elementor elementor-676\" data-elementor-post-type=\"page\">\n\t\t\t\t\t\t<section class=\"elementor-section elementor-top-section elementor-element elementor-element-371a568a elementor-section-full_width elementor-section-height-min-height elementor-section-content-middle elementor-section-height-default elementor-section-items-middle\" data-id=\"371a568a\" data-element_type=\"section\" data-e-type=\"section\" data-settings=\"{&quot;background_background&quot;:&quot;classic&quot;}\">\n\t\t\t\t\t\t<div class=\"elementor-container elementor-column-gap-default\">\n\t\t\t\t\t<div class=\"elementor-column elementor-col-100 elementor-top-column elementor-element elementor-element-7f332aee\" data-id=\"7f332aee\" data-element_type=\"column\" data-e-type=\"column\">\n\t\t\t<div class=\"elementor-widget-wrap\">\n\t\t\t\t\t\t\t<\/div>\n\t\t<\/div>\n\t\t\t\t\t<\/div>\n\t\t<\/section>\n\t\t\t\t<section class=\"elementor-section elementor-top-section elementor-element elementor-element-47e103f elementor-section-boxed elementor-section-height-default elementor-section-height-default\" data-id=\"47e103f\" data-element_type=\"section\" data-e-type=\"section\">\n\t\t\t\t\t\t<div class=\"elementor-container elementor-column-gap-default\">\n\t\t\t\t\t<div class=\"elementor-column elementor-col-100 elementor-top-column elementor-element elementor-element-ec3e3b9\" data-id=\"ec3e3b9\" data-element_type=\"column\" data-e-type=\"column\">\n\t\t\t<div class=\"elementor-widget-wrap elementor-element-populated\">\n\t\t\t\t\t\t<div class=\"elementor-element elementor-element-4813b73 elementor-widget elementor-widget-heading\" data-id=\"4813b73\" data-element_type=\"widget\" data-e-type=\"widget\" data-widget_type=\"heading.default\">\n\t\t\t\t<div class=\"elementor-widget-container\">\n\t\t\t\t\t<h2 class=\"elementor-heading-title elementor-size-default\">ENTDECKEN SIE UNSER MAGAZIN<\/h2>\t\t\t\t<\/div>\n\t\t\t\t<\/div>\n\t\t\t\t\t<\/div>\n\t\t<\/div>\n\t\t\t\t\t<\/div>\n\t\t<\/section>\n\t\t\t\t<section class=\"elementor-section elementor-top-section elementor-element elementor-element-3582802 elementor-section-boxed elementor-section-height-default elementor-section-height-default\" data-id=\"3582802\" data-element_type=\"section\" data-e-type=\"section\">\n\t\t\t\t\t\t<div class=\"elementor-container elementor-column-gap-default\">\n\t\t\t\t\t<div class=\"elementor-column elementor-col-33 elementor-top-column elementor-element elementor-element-f8838c5\" data-id=\"f8838c5\" data-element_type=\"column\" data-e-type=\"column\">\n\t\t\t<div class=\"elementor-widget-wrap\">\n\t\t\t\t\t\t\t<\/div>\n\t\t<\/div>\n\t\t\t\t<div class=\"elementor-column elementor-col-33 elementor-top-column elementor-element elementor-element-16c184e\" data-id=\"16c184e\" data-element_type=\"column\" data-e-type=\"column\">\n\t\t\t<div class=\"elementor-widget-wrap\">\n\t\t\t\t\t\t\t<\/div>\n\t\t<\/div>\n\t\t\t\t<div class=\"elementor-column elementor-col-33 elementor-top-column elementor-element elementor-element-45ad55c\" data-id=\"45ad55c\" data-element_type=\"column\" data-e-type=\"column\">\n\t\t\t<div class=\"elementor-widget-wrap\">\n\t\t\t\t\t\t\t<\/div>\n\t\t<\/div>\n\t\t\t\t\t<\/div>\n\t\t<\/section>\n\t\t\t\t<section class=\"elementor-section elementor-top-section elementor-element elementor-element-42df9efc elementor-section-content-middle elementor-section-boxed elementor-section-height-default elementor-section-height-default\" data-id=\"42df9efc\" data-element_type=\"section\" data-e-type=\"section\">\n\t\t\t\t\t\t<div class=\"elementor-container elementor-column-gap-default\">\n\t\t\t\t\t<div class=\"elementor-column elementor-col-100 elementor-top-column elementor-element elementor-element-1ef11ec2\" data-id=\"1ef11ec2\" data-element_type=\"column\" data-e-type=\"column\">\n\t\t\t<div class=\"elementor-widget-wrap elementor-element-populated\">\n\t\t\t\t\t\t<div class=\"elementor-element elementor-element-40330c7 elementor-position-top elementor-widget elementor-widget-image-box\" data-id=\"40330c7\" data-element_type=\"widget\" data-e-type=\"widget\" data-widget_type=\"image-box.default\">\n\t\t\t\t<div class=\"elementor-widget-container\">\n\t\t\t\t\t<div class=\"elementor-image-box-wrapper\"><figure class=\"elementor-image-box-img\"><a href=\"https:\/\/www.hotelbelalp.com\/wp-content\/uploads\/2025\/12\/Brochure-Belalp-Hiver-2026-Mag-reduit.pdf\" tabindex=\"-1\"><img fetchpriority=\"high\" decoding=\"async\" width=\"1429\" height=\"2000\" src=\"https:\/\/www.hotelbelalp.com\/wp-content\/uploads\/2025\/12\/Brochure-Belalp-Hiver-2026-Mag-n\u00b09-1.png\" class=\"attachment-full size-full wp-image-2221\" alt=\"Foto -\" srcset=\"https:\/\/www.hotelbelalp.com\/wp-content\/uploads\/2025\/12\/Brochure-Belalp-Hiver-2026-Mag-n\u00b09-1.png 1429w, https:\/\/www.hotelbelalp.com\/wp-content\/uploads\/2025\/12\/Brochure-Belalp-Hiver-2026-Mag-n\u00b09-1-214x300.png 214w, https:\/\/www.hotelbelalp.com\/wp-content\/uploads\/2025\/12\/Brochure-Belalp-Hiver-2026-Mag-n\u00b09-1-732x1024.png 732w, https:\/\/www.hotelbelalp.com\/wp-content\/uploads\/2025\/12\/Brochure-Belalp-Hiver-2026-Mag-n\u00b09-1-768x1075.png 768w, https:\/\/www.hotelbelalp.com\/wp-content\/uploads\/2025\/12\/Brochure-Belalp-Hiver-2026-Mag-n\u00b09-1-1097x1536.png 1097w, https:\/\/www.hotelbelalp.com\/wp-content\/uploads\/2025\/12\/Brochure-Belalp-Hiver-2026-Mag-n\u00b09-1-9x12.png 9w\" sizes=\"(max-width: 1429px) 100vw, 1429px\" \/><\/a><\/figure><div class=\"elementor-image-box-content\"><h3 class=\"elementor-image-box-title\"><a href=\"https:\/\/www.hotelbelalp.com\/wp-content\/uploads\/2025\/12\/Brochure-Belalp-Hiver-2026-Mag-reduit.pdf\">Brosch\u00fcre Belalp Winter 2026<\/a><\/h3><p class=\"elementor-image-box-description\">Entdecken Sie unsere Preise, unsere Einrichtung und alle praktischen Informationen f\u00fcr Ihren Aufenthalt.<\/p><\/div><\/div>\t\t\t\t<\/div>\n\t\t\t\t<\/div>\n\t\t\t\t<div class=\"elementor-element elementor-element-679c6877 elementor-widget elementor-widget-heading\" data-id=\"679c6877\" data-element_type=\"widget\" data-e-type=\"widget\" data-widget_type=\"heading.default\">\n\t\t\t\t<div class=\"elementor-widget-container\">\n\t\t\t\t\t<h2 class=\"elementor-heading-title elementor-size-default\">DIE NEWS VON UNSEREM CHALETHOTEL IN CH\u00c2TEL<\/h2>\t\t\t\t<\/div>\n\t\t\t\t<\/div>\n\t\t\t\t<div class=\"elementor-element elementor-element-73f377c2 elementor-widget elementor-widget-text-editor\" data-id=\"73f377c2\" data-element_type=\"widget\" data-e-type=\"widget\" data-widget_type=\"text-editor.default\">\n\t\t\t\t<div class=\"elementor-widget-container\">\n\t\t\t\t\t\t\t\t\t<p>MEHR \u00dcBER VERANSTALTUNGEN IN UND UM CH\u00c2TEL ERFAHREN<\/p>\t\t\t\t\t\t\t\t<\/div>\n\t\t\t\t<\/div>\n\t\t\t\t\t<\/div>\n\t\t<\/div>\n\t\t\t\t\t<\/div>\n\t\t<\/section>\n\t\t\t\t<section class=\"elementor-section elementor-top-section elementor-element elementor-element-5904f41 elementor-section-boxed elementor-section-height-default elementor-section-height-default\" data-id=\"5904f41\" data-element_type=\"section\" data-e-type=\"section\">\n\t\t\t\t\t\t<div class=\"elementor-container elementor-column-gap-default\">\n\t\t\t\t\t<div class=\"elementor-column elementor-col-100 elementor-top-column elementor-element elementor-element-b048e0a\" data-id=\"b048e0a\" data-element_type=\"column\" data-e-type=\"column\">\n\t\t\t<div class=\"elementor-widget-wrap elementor-element-populated\">\n\t\t\t\t\t\t<div class=\"elementor-element elementor-element-59089a2 elementor-widget elementor-widget-text-editor\" data-id=\"59089a2\" data-element_type=\"widget\" data-e-type=\"widget\" data-widget_type=\"text-editor.default\">\n\t\t\t\t<div class=\"elementor-widget-container\">\n\t\t\t\t\t\t\t\t\t<p>Um Ihren Aufenthalt in Ch\u00e2tel gut vorzubereiten, finden Sie auf dieser Seite Neuigkeiten \u00fcber unser Hotel und seine Umgebung. Neuheiten, Abendveranstaltungen, sportliche und kulturelle Events, Informationen \u00fcber das Skigebiet Portes du Soleil...<\/p><p>\u00a0<\/p>\t\t\t\t\t\t\t\t<\/div>\n\t\t\t\t<\/div>\n\t\t\t\t<div class=\"elementor-element elementor-element-df663c2 elementor-grid-2 elementor-grid-tablet-2 elementor-grid-mobile-1 elementor-posts--thumbnail-top elementor-card-shadow-yes elementor-posts__hover-gradient elementor-widget elementor-widget-posts\" data-id=\"df663c2\" data-element_type=\"widget\" data-e-type=\"widget\" data-settings=\"{&quot;cards_columns&quot;:&quot;2&quot;,&quot;cards_columns_tablet&quot;:&quot;2&quot;,&quot;cards_columns_mobile&quot;:&quot;1&quot;,&quot;cards_row_gap&quot;:{&quot;unit&quot;:&quot;px&quot;,&quot;size&quot;:35,&quot;sizes&quot;:[]},&quot;cards_row_gap_tablet&quot;:{&quot;unit&quot;:&quot;px&quot;,&quot;size&quot;:&quot;&quot;,&quot;sizes&quot;:[]},&quot;cards_row_gap_mobile&quot;:{&quot;unit&quot;:&quot;px&quot;,&quot;size&quot;:&quot;&quot;,&quot;sizes&quot;:[]}}\" data-widget_type=\"posts.cards\">\n\t\t\t\t<div class=\"elementor-widget-container\">\n\t\t\t\t\t\t\t<div class=\"elementor-posts-container elementor-posts elementor-posts--skin-cards elementor-grid\" role=\"list\">\n\t\t\t\t<article class=\"elementor-post elementor-grid-item post-2449 post type-post status-publish format-standard has-post-thumbnail hentry category-non-classe\" role=\"listitem\">\n\t\t\t<div class=\"elementor-post__card\">\n\t\t\t\t<a class=\"elementor-post__thumbnail__link\" href=\"https:\/\/www.hotelbelalp.com\/de\/mars-a-chatel-rock-the-pistes-et-la-magie-de-la-fin-de-saison\/\" tabindex=\"-1\" ><div class=\"elementor-post__thumbnail\"><img decoding=\"async\" width=\"300\" height=\"225\" src=\"https:\/\/www.hotelbelalp.com\/wp-content\/uploads\/2025\/03\/20240317_131958-300x225.jpg\" class=\"attachment-medium size-medium wp-image-2130\" alt=\"Foto -\" srcset=\"https:\/\/www.hotelbelalp.com\/wp-content\/uploads\/2025\/03\/20240317_131958-300x225.jpg 300w, https:\/\/www.hotelbelalp.com\/wp-content\/uploads\/2025\/03\/20240317_131958-1024x768.jpg 1024w, https:\/\/www.hotelbelalp.com\/wp-content\/uploads\/2025\/03\/20240317_131958-768x576.jpg 768w, https:\/\/www.hotelbelalp.com\/wp-content\/uploads\/2025\/03\/20240317_131958-1536x1152.jpg 1536w, https:\/\/www.hotelbelalp.com\/wp-content\/uploads\/2025\/03\/20240317_131958-2048x1536.jpg 2048w, https:\/\/www.hotelbelalp.com\/wp-content\/uploads\/2025\/03\/20240317_131958-16x12.jpg 16w\" sizes=\"(max-width: 300px) 100vw, 300px\"><\/div><\/a>\n\t\t\t\t<div class=\"elementor-post__text\">\n\t\t\t\t<h3 class=\"elementor-post__title\">\n\t\t\t<a href=\"https:\/\/www.hotelbelalp.com\/de\/mars-a-chatel-rock-the-pistes-et-la-magie-de-la-fin-de-saison\/\" >\n\t\t\t\tM\u00e4rz in Ch\u00e2tel: Rock the Pistes und die Magie des Saisonendes\t\t\t<\/a>\n\t\t<\/h3>\n\t\t\n\t\t<a class=\"elementor-post__read-more\" href=\"https:\/\/www.hotelbelalp.com\/de\/mars-a-chatel-rock-the-pistes-et-la-magie-de-la-fin-de-saison\/\" aria-label=\"Mehr \u00fcber Mars \u00e0 Ch\u00e2tel : Rock the Pistes et la magie de la fin de saison\" tabindex=\"-1\" >\n\t\t\tWeiterlesen \"\t\t<\/a>\n\n\t\t\t\t<\/div>\n\t\t\t\t<div class=\"elementor-post__meta-data\">\n\t\t\t\t\t<span class=\"elementor-post-date\">\n\t\t\t16. M\u00e4rz 2026\t\t<\/span>\n\t\t\t\t<span class=\"elementor-post-avatar\">\n\t\t\tKeine Kommentare\t\t<\/span>\n\t\t\t\t<\/div>\n\t\t\t\t\t<\/div>\n\t\t<\/article>\n\t\t\t\t<article class=\"elementor-post elementor-grid-item post-2156 post type-post status-publish format-standard has-post-thumbnail hentry category-non-classe\" role=\"listitem\">\n\t\t\t<div class=\"elementor-post__card\">\n\t\t\t\t<a class=\"elementor-post__thumbnail__link\" href=\"https:\/\/www.hotelbelalp.com\/de\/21-06-2025-22-06-2025-chatel-chablais-leman-race\/\" tabindex=\"-1\" ><div class=\"elementor-post__thumbnail\"><img decoding=\"async\" width=\"300\" height=\"169\" src=\"https:\/\/www.hotelbelalp.com\/wp-content\/uploads\/2025\/06\/chatel-chablais-leman-race-2025-horizontale800x600_304190-cclr_2025_1920x1080-300x169.jpg\" class=\"attachment-medium size-medium wp-image-2157\" alt=\"Foto -\" srcset=\"https:\/\/www.hotelbelalp.com\/wp-content\/uploads\/2025\/06\/chatel-chablais-leman-race-2025-horizontale800x600_304190-cclr_2025_1920x1080-300x169.jpg 300w, https:\/\/www.hotelbelalp.com\/wp-content\/uploads\/2025\/06\/chatel-chablais-leman-race-2025-horizontale800x600_304190-cclr_2025_1920x1080-768x432.jpg 768w, https:\/\/www.hotelbelalp.com\/wp-content\/uploads\/2025\/06\/chatel-chablais-leman-race-2025-horizontale800x600_304190-cclr_2025_1920x1080-18x10.jpg 18w, https:\/\/www.hotelbelalp.com\/wp-content\/uploads\/2025\/06\/chatel-chablais-leman-race-2025-horizontale800x600_304190-cclr_2025_1920x1080.jpg 800w\" sizes=\"(max-width: 300px) 100vw, 300px\"><\/div><\/a>\n\t\t\t\t<div class=\"elementor-post__text\">\n\t\t\t\t<h3 class=\"elementor-post__title\">\n\t\t\t<a href=\"https:\/\/www.hotelbelalp.com\/de\/21-06-2025-22-06-2025-chatel-chablais-leman-race\/\" >\n\t\t\t\t21.06.2025 - 22.06.2025 : Ch\u00e2tel Chablais L\u00e9man Race\t\t\t<\/a>\n\t\t<\/h3>\n\t\t\n\t\t<a class=\"elementor-post__read-more\" href=\"https:\/\/www.hotelbelalp.com\/de\/21-06-2025-22-06-2025-chatel-chablais-leman-race\/\" aria-label=\"Mehr \u00fcber 21\/06\/2025 &#8211; 22\/06\/2025 : Ch\u00e2tel Chablais L\u00e9man Race\" tabindex=\"-1\" >\n\t\t\tWeiterlesen \"\t\t<\/a>\n\n\t\t\t\t<\/div>\n\t\t\t\t<div class=\"elementor-post__meta-data\">\n\t\t\t\t\t<span class=\"elementor-post-date\">\n\t\t\t21. Juni 2025\t\t<\/span>\n\t\t\t\t<span class=\"elementor-post-avatar\">\n\t\t\tKeine Kommentare\t\t<\/span>\n\t\t\t\t<\/div>\n\t\t\t\t\t<\/div>\n\t\t<\/article>\n\t\t\t\t<article class=\"elementor-post elementor-grid-item post-2129 post type-post status-publish format-standard has-post-thumbnail hentry category-non-classe\" role=\"listitem\">\n\t\t\t<div class=\"elementor-post__card\">\n\t\t\t\t<a class=\"elementor-post__thumbnail__link\" href=\"https:\/\/www.hotelbelalp.com\/de\/16-03-2025-22-03-2025-rock-the-pistes-festival\/\" tabindex=\"-1\" ><div class=\"elementor-post__thumbnail\"><img loading=\"lazy\" decoding=\"async\" width=\"213\" height=\"300\" src=\"https:\/\/www.hotelbelalp.com\/wp-content\/uploads\/2025\/03\/Capture-decran-2025-03-16-212537-213x300.png\" class=\"attachment-medium size-medium wp-image-2133\" alt=\"Foto -\" srcset=\"https:\/\/www.hotelbelalp.com\/wp-content\/uploads\/2025\/03\/Capture-decran-2025-03-16-212537-213x300.png 213w, https:\/\/www.hotelbelalp.com\/wp-content\/uploads\/2025\/03\/Capture-decran-2025-03-16-212537-9x12.png 9w, https:\/\/www.hotelbelalp.com\/wp-content\/uploads\/2025\/03\/Capture-decran-2025-03-16-212537.png 562w\" sizes=\"(max-width: 213px) 100vw, 213px\"><\/div><\/a>\n\t\t\t\t<div class=\"elementor-post__text\">\n\t\t\t\t<h3 class=\"elementor-post__title\">\n\t\t\t<a href=\"https:\/\/www.hotelbelalp.com\/de\/16-03-2025-22-03-2025-rock-the-pistes-festival\/\" >\n\t\t\t\t16\/03\/2025 - 22\/03\/2025 : Rock the Pistes Festival\t\t\t<\/a>\n\t\t<\/h3>\n\t\t\n\t\t<a class=\"elementor-post__read-more\" href=\"https:\/\/www.hotelbelalp.com\/de\/16-03-2025-22-03-2025-rock-the-pistes-festival\/\" aria-label=\"Mehr \u00fcber 16\/03\/2025 &#8211; 22\/03\/2025 : Rock the Pistes Festival\" tabindex=\"-1\" >\n\t\t\tWeiterlesen \"\t\t<\/a>\n\n\t\t\t\t<\/div>\n\t\t\t\t<div class=\"elementor-post__meta-data\">\n\t\t\t\t\t<span class=\"elementor-post-date\">\n\t\t\t16. M\u00e4rz 2025\t\t<\/span>\n\t\t\t\t<span class=\"elementor-post-avatar\">\n\t\t\tKeine Kommentare\t\t<\/span>\n\t\t\t\t<\/div>\n\t\t\t\t\t<\/div>\n\t\t<\/article>\n\t\t\t\t<article class=\"elementor-post elementor-grid-item post-2122 post type-post status-publish format-standard has-post-thumbnail hentry category-non-classe\" role=\"listitem\">\n\t\t\t<div class=\"elementor-post__card\">\n\t\t\t\t<a class=\"elementor-post__thumbnail__link\" href=\"https:\/\/www.hotelbelalp.com\/de\/1-03-2025-8-03-2025-championnat-du-monde-de-ski-alpinisme\/\" tabindex=\"-1\" ><div class=\"elementor-post__thumbnail\"><img loading=\"lazy\" decoding=\"async\" width=\"300\" height=\"225\" src=\"https:\/\/www.hotelbelalp.com\/wp-content\/uploads\/2025\/03\/20250308_160904-300x225.jpg\" class=\"attachment-medium size-medium wp-image-2123\" alt=\"Foto -\" srcset=\"https:\/\/www.hotelbelalp.com\/wp-content\/uploads\/2025\/03\/20250308_160904-300x225.jpg 300w, https:\/\/www.hotelbelalp.com\/wp-content\/uploads\/2025\/03\/20250308_160904-1024x768.jpg 1024w, https:\/\/www.hotelbelalp.com\/wp-content\/uploads\/2025\/03\/20250308_160904-768x576.jpg 768w, https:\/\/www.hotelbelalp.com\/wp-content\/uploads\/2025\/03\/20250308_160904-1536x1152.jpg 1536w, https:\/\/www.hotelbelalp.com\/wp-content\/uploads\/2025\/03\/20250308_160904-2048x1536.jpg 2048w, https:\/\/www.hotelbelalp.com\/wp-content\/uploads\/2025\/03\/20250308_160904-16x12.jpg 16w\" sizes=\"(max-width: 300px) 100vw, 300px\"><\/div><\/a>\n\t\t\t\t<div class=\"elementor-post__text\">\n\t\t\t\t<h3 class=\"elementor-post__title\">\n\t\t\t<a href=\"https:\/\/www.hotelbelalp.com\/de\/1-03-2025-8-03-2025-championnat-du-monde-de-ski-alpinisme\/\" >\n\t\t\t\t1\/03\/2025 - 8\/03\/2025: Weltmeisterschaft im Skibergsteigen\t\t\t<\/a>\n\t\t<\/h3>\n\t\t\n\t\t<a class=\"elementor-post__read-more\" href=\"https:\/\/www.hotelbelalp.com\/de\/1-03-2025-8-03-2025-championnat-du-monde-de-ski-alpinisme\/\" aria-label=\"Mehr \u00fcber 1\/03\/2025 &#8211; 8\/03\/2025 : Championnat du Monde de ski alpinisme\" tabindex=\"-1\" >\n\t\t\tWeiterlesen \"\t\t<\/a>\n\n\t\t\t\t<\/div>\n\t\t\t\t<div class=\"elementor-post__meta-data\">\n\t\t\t\t\t<span class=\"elementor-post-date\">\n\t\t\t16. M\u00e4rz 2025\t\t<\/span>\n\t\t\t\t<span class=\"elementor-post-avatar\">\n\t\t\tKeine Kommentare\t\t<\/span>\n\t\t\t\t<\/div>\n\t\t\t\t\t<\/div>\n\t\t<\/article>\n\t\t\t\t<article class=\"elementor-post elementor-grid-item post-1652 post type-post status-publish format-standard has-post-thumbnail hentry category-non-classe\" role=\"listitem\">\n\t\t\t<div class=\"elementor-post__card\">\n\t\t\t\t<a class=\"elementor-post__thumbnail__link\" href=\"https:\/\/www.hotelbelalp.com\/de\/08-02-25-championnat-du-monde-de-snow-bike\/\" tabindex=\"-1\" ><div class=\"elementor-post__thumbnail\"><img loading=\"lazy\" decoding=\"async\" width=\"300\" height=\"169\" src=\"https:\/\/www.hotelbelalp.com\/wp-content\/uploads\/2024\/12\/800x600_284833-1920x1080_snowbike_2025-300x169.jpg\" class=\"attachment-medium size-medium wp-image-1653\" alt=\"Foto -\" srcset=\"https:\/\/www.hotelbelalp.com\/wp-content\/uploads\/2024\/12\/800x600_284833-1920x1080_snowbike_2025-300x169.jpg 300w, https:\/\/www.hotelbelalp.com\/wp-content\/uploads\/2024\/12\/800x600_284833-1920x1080_snowbike_2025-768x432.jpg 768w, https:\/\/www.hotelbelalp.com\/wp-content\/uploads\/2024\/12\/800x600_284833-1920x1080_snowbike_2025-18x10.jpg 18w, https:\/\/www.hotelbelalp.com\/wp-content\/uploads\/2024\/12\/800x600_284833-1920x1080_snowbike_2025.jpg 800w\" sizes=\"(max-width: 300px) 100vw, 300px\"><\/div><\/a>\n\t\t\t\t<div class=\"elementor-post__text\">\n\t\t\t\t<h3 class=\"elementor-post__title\">\n\t\t\t<a href=\"https:\/\/www.hotelbelalp.com\/de\/08-02-25-championnat-du-monde-de-snow-bike\/\" >\n\t\t\t\t08\/02\/25 | Snow Bike Weltmeisterschaft\t\t\t<\/a>\n\t\t<\/h3>\n\t\t\n\t\t<a class=\"elementor-post__read-more\" href=\"https:\/\/www.hotelbelalp.com\/de\/08-02-25-championnat-du-monde-de-snow-bike\/\" aria-label=\"Mehr \u00fcber 08\/02\/25 | Championnat du Monde de Snow Bike\" tabindex=\"-1\" >\n\t\t\tWeiterlesen \"\t\t<\/a>\n\n\t\t\t\t<\/div>\n\t\t\t\t<div class=\"elementor-post__meta-data\">\n\t\t\t\t\t<span class=\"elementor-post-date\">\n\t\t\t23. Dezember 2024\t\t<\/span>\n\t\t\t\t<span class=\"elementor-post-avatar\">\n\t\t\tKeine Kommentare\t\t<\/span>\n\t\t\t\t<\/div>\n\t\t\t\t\t<\/div>\n\t\t<\/article>\n\t\t\t\t<article class=\"elementor-post elementor-grid-item post-1639 post type-post status-publish format-standard has-post-thumbnail hentry category-non-classe\" role=\"listitem\">\n\t\t\t<div class=\"elementor-post__card\">\n\t\t\t\t<a class=\"elementor-post__thumbnail__link\" href=\"https:\/\/www.hotelbelalp.com\/de\/18-08-24-47e-belle-dimanche\/\" tabindex=\"-1\" ><div class=\"elementor-post__thumbnail\"><img loading=\"lazy\" decoding=\"async\" width=\"175\" height=\"300\" src=\"https:\/\/www.hotelbelalp.com\/wp-content\/uploads\/2024\/08\/belle-dimanche-2024-175x300.jpg\" class=\"attachment-medium size-medium wp-image-1638\" alt=\"Foto -\" srcset=\"https:\/\/www.hotelbelalp.com\/wp-content\/uploads\/2024\/08\/belle-dimanche-2024-175x300.jpg 175w, https:\/\/www.hotelbelalp.com\/wp-content\/uploads\/2024\/08\/belle-dimanche-2024-7x12.jpg 7w, https:\/\/www.hotelbelalp.com\/wp-content\/uploads\/2024\/08\/belle-dimanche-2024.jpg 467w\" sizes=\"(max-width: 175px) 100vw, 175px\"><\/div><\/a>\n\t\t\t\t<div class=\"elementor-post__text\">\n\t\t\t\t<h3 class=\"elementor-post__title\">\n\t\t\t<a href=\"https:\/\/www.hotelbelalp.com\/de\/18-08-24-47e-belle-dimanche\/\" >\n\t\t\t\t18\/08\/24 | 47. Sch\u00f6ner Sonntag\t\t\t<\/a>\n\t\t<\/h3>\n\t\t\n\t\t<a class=\"elementor-post__read-more\" href=\"https:\/\/www.hotelbelalp.com\/de\/18-08-24-47e-belle-dimanche\/\" aria-label=\"Mehr \u00fcber 18\/08\/24 | 47\u00e8 Belle Dimanche\" tabindex=\"-1\" >\n\t\t\tWeiterlesen \"\t\t<\/a>\n\n\t\t\t\t<\/div>\n\t\t\t\t<div class=\"elementor-post__meta-data\">\n\t\t\t\t\t<span class=\"elementor-post-date\">\n\t\t\t11. August 2024\t\t<\/span>\n\t\t\t\t<span class=\"elementor-post-avatar\">\n\t\t\tKeine Kommentare\t\t<\/span>\n\t\t\t\t<\/div>\n\t\t\t\t\t<\/div>\n\t\t<\/article>\n\t\t\t\t<article class=\"elementor-post elementor-grid-item post-1627 post type-post status-publish format-standard has-post-thumbnail hentry category-non-classe\" role=\"listitem\">\n\t\t\t<div class=\"elementor-post__card\">\n\t\t\t\t<a class=\"elementor-post__thumbnail__link\" href=\"https:\/\/www.hotelbelalp.com\/de\/17-03-24-24-03-24-rock-the-pistes-festival-pop-rock\/\" tabindex=\"-1\" ><div class=\"elementor-post__thumbnail\"><img loading=\"lazy\" decoding=\"async\" width=\"300\" height=\"201\" src=\"https:\/\/www.hotelbelalp.com\/wp-content\/uploads\/2024\/01\/rockthepistes-300x201.png\" class=\"attachment-medium size-medium wp-image-1629\" alt=\"Foto -\" srcset=\"https:\/\/www.hotelbelalp.com\/wp-content\/uploads\/2024\/01\/rockthepistes-300x201.png 300w, https:\/\/www.hotelbelalp.com\/wp-content\/uploads\/2024\/01\/rockthepistes-768x514.png 768w, https:\/\/www.hotelbelalp.com\/wp-content\/uploads\/2024\/01\/rockthepistes-18x12.png 18w, https:\/\/www.hotelbelalp.com\/wp-content\/uploads\/2024\/01\/rockthepistes.png 800w\" sizes=\"(max-width: 300px) 100vw, 300px\"><\/div><\/a>\n\t\t\t\t<div class=\"elementor-post__text\">\n\t\t\t\t<h3 class=\"elementor-post__title\">\n\t\t\t<a href=\"https:\/\/www.hotelbelalp.com\/de\/17-03-24-24-03-24-rock-the-pistes-festival-pop-rock\/\" >\n\t\t\t\t17\/03\/24 - 24\/03\/24 | Rock the Pistes, Pop Rock Festival\t\t\t<\/a>\n\t\t<\/h3>\n\t\t\n\t\t<a class=\"elementor-post__read-more\" href=\"https:\/\/www.hotelbelalp.com\/de\/17-03-24-24-03-24-rock-the-pistes-festival-pop-rock\/\" aria-label=\"Mehr \u00fcber 17\/03\/24 &#8211; 24\/03\/24 | Rock the Pistes, Festival Pop Rock\" tabindex=\"-1\" >\n\t\t\tWeiterlesen \"\t\t<\/a>\n\n\t\t\t\t<\/div>\n\t\t\t\t<div class=\"elementor-post__meta-data\">\n\t\t\t\t\t<span class=\"elementor-post-date\">\n\t\t\t21. Januar 2024\t\t<\/span>\n\t\t\t\t<span class=\"elementor-post-avatar\">\n\t\t\tKeine Kommentare\t\t<\/span>\n\t\t\t\t<\/div>\n\t\t\t\t\t<\/div>\n\t\t<\/article>\n\t\t\t\t<article class=\"elementor-post elementor-grid-item post-1624 post type-post status-publish format-standard has-post-thumbnail hentry category-non-classe\" role=\"listitem\">\n\t\t\t<div class=\"elementor-post__card\">\n\t\t\t\t<a class=\"elementor-post__thumbnail__link\" href=\"https:\/\/www.hotelbelalp.com\/de\/10-02-24-11-02-24-championnat-du-monde-de-snow-bike\/\" tabindex=\"-1\" ><div class=\"elementor-post__thumbnail\"><img loading=\"lazy\" decoding=\"async\" width=\"300\" height=\"169\" src=\"https:\/\/www.hotelbelalp.com\/wp-content\/uploads\/2024\/01\/snowbike-300x169.jpg\" class=\"attachment-medium size-medium wp-image-1625\" alt=\"Foto -\" srcset=\"https:\/\/www.hotelbelalp.com\/wp-content\/uploads\/2024\/01\/snowbike-300x169.jpg 300w, https:\/\/www.hotelbelalp.com\/wp-content\/uploads\/2024\/01\/snowbike-768x432.jpg 768w, https:\/\/www.hotelbelalp.com\/wp-content\/uploads\/2024\/01\/snowbike-18x10.jpg 18w, https:\/\/www.hotelbelalp.com\/wp-content\/uploads\/2024\/01\/snowbike.jpg 800w\" sizes=\"(max-width: 300px) 100vw, 300px\"><\/div><\/a>\n\t\t\t\t<div class=\"elementor-post__text\">\n\t\t\t\t<h3 class=\"elementor-post__title\">\n\t\t\t<a href=\"https:\/\/www.hotelbelalp.com\/de\/10-02-24-11-02-24-championnat-du-monde-de-snow-bike\/\" >\n\t\t\t\t10\/02\/24 - 11\/02\/24 | Snow Bike Weltmeisterschaft\t\t\t<\/a>\n\t\t<\/h3>\n\t\t\n\t\t<a class=\"elementor-post__read-more\" href=\"https:\/\/www.hotelbelalp.com\/de\/10-02-24-11-02-24-championnat-du-monde-de-snow-bike\/\" aria-label=\"Mehr \u00fcber 10\/02\/24 &#8211; 11\/02\/24 | Championnat du Monde de Snow Bike\" tabindex=\"-1\" >\n\t\t\tWeiterlesen \"\t\t<\/a>\n\n\t\t\t\t<\/div>\n\t\t\t\t<div class=\"elementor-post__meta-data\">\n\t\t\t\t\t<span class=\"elementor-post-date\">\n\t\t\t21. Januar 2024\t\t<\/span>\n\t\t\t\t<span class=\"elementor-post-avatar\">\n\t\t\tKeine Kommentare\t\t<\/span>\n\t\t\t\t<\/div>\n\t\t\t\t\t<\/div>\n\t\t<\/article>\n\t\t\t\t<article class=\"elementor-post elementor-grid-item post-1620 post type-post status-publish format-standard has-post-thumbnail hentry category-non-classe\" role=\"listitem\">\n\t\t\t<div class=\"elementor-post__card\">\n\t\t\t\t<a class=\"elementor-post__thumbnail__link\" href=\"https:\/\/www.hotelbelalp.com\/de\/27-01-24-03-02-24-championnat-du-monde-junior-de-ski-alpin\/\" tabindex=\"-1\" ><div class=\"elementor-post__thumbnail\"><img loading=\"lazy\" decoding=\"async\" width=\"300\" height=\"188\" src=\"https:\/\/www.hotelbelalp.com\/wp-content\/uploads\/2024\/01\/800x600_254595-championnat_ski_alpin_junior_2024-300x188.jpg\" class=\"attachment-medium size-medium wp-image-1621\" alt=\"Foto -\" srcset=\"https:\/\/www.hotelbelalp.com\/wp-content\/uploads\/2024\/01\/800x600_254595-championnat_ski_alpin_junior_2024-300x188.jpg 300w, https:\/\/www.hotelbelalp.com\/wp-content\/uploads\/2024\/01\/800x600_254595-championnat_ski_alpin_junior_2024-768x480.jpg 768w, https:\/\/www.hotelbelalp.com\/wp-content\/uploads\/2024\/01\/800x600_254595-championnat_ski_alpin_junior_2024-18x12.jpg 18w, https:\/\/www.hotelbelalp.com\/wp-content\/uploads\/2024\/01\/800x600_254595-championnat_ski_alpin_junior_2024.jpg 800w\" sizes=\"(max-width: 300px) 100vw, 300px\"><\/div><\/a>\n\t\t\t\t<div class=\"elementor-post__text\">\n\t\t\t\t<h3 class=\"elementor-post__title\">\n\t\t\t<a href=\"https:\/\/www.hotelbelalp.com\/de\/27-01-24-03-02-24-championnat-du-monde-junior-de-ski-alpin\/\" >\n\t\t\t\t27\/01\/24 - 03\/02\/24 | Juniorenweltmeisterschaft Ski Alpin\t\t\t<\/a>\n\t\t<\/h3>\n\t\t\n\t\t<a class=\"elementor-post__read-more\" href=\"https:\/\/www.hotelbelalp.com\/de\/27-01-24-03-02-24-championnat-du-monde-junior-de-ski-alpin\/\" aria-label=\"Mehr \u00fcber 27\/01\/24 &#8211; 03\/02\/24 | Championnat du Monde Junior de Ski Alpin\" tabindex=\"-1\" >\n\t\t\tWeiterlesen \"\t\t<\/a>\n\n\t\t\t\t<\/div>\n\t\t\t\t<div class=\"elementor-post__meta-data\">\n\t\t\t\t\t<span class=\"elementor-post-date\">\n\t\t\t21. Januar 2024\t\t<\/span>\n\t\t\t\t<span class=\"elementor-post-avatar\">\n\t\t\tKeine Kommentare\t\t<\/span>\n\t\t\t\t<\/div>\n\t\t\t\t\t<\/div>\n\t\t<\/article>\n\t\t\t\t<article class=\"elementor-post elementor-grid-item post-1546 post type-post status-publish format-standard has-post-thumbnail hentry category-non-classe\" role=\"listitem\">\n\t\t\t<div class=\"elementor-post__card\">\n\t\t\t\t<a class=\"elementor-post__thumbnail__link\" href=\"https:\/\/www.hotelbelalp.com\/de\/coupe-deurope-de-ski-alpin-dames\/\" tabindex=\"-1\" ><div class=\"elementor-post__thumbnail\"><img loading=\"lazy\" decoding=\"async\" width=\"212\" height=\"300\" src=\"https:\/\/www.hotelbelalp.com\/wp-content\/uploads\/2023\/01\/224041-affiche_coupe_d_europe_v2-212x300.jpg\" class=\"attachment-medium size-medium wp-image-1547\" alt=\"Foto -\" srcset=\"https:\/\/www.hotelbelalp.com\/wp-content\/uploads\/2023\/01\/224041-affiche_coupe_d_europe_v2-212x300.jpg 212w, https:\/\/www.hotelbelalp.com\/wp-content\/uploads\/2023\/01\/224041-affiche_coupe_d_europe_v2-724x1024.jpg 724w, https:\/\/www.hotelbelalp.com\/wp-content\/uploads\/2023\/01\/224041-affiche_coupe_d_europe_v2-768x1086.jpg 768w, https:\/\/www.hotelbelalp.com\/wp-content\/uploads\/2023\/01\/224041-affiche_coupe_d_europe_v2-1086x1536.jpg 1086w, https:\/\/www.hotelbelalp.com\/wp-content\/uploads\/2023\/01\/224041-affiche_coupe_d_europe_v2-1448x2048.jpg 1448w, https:\/\/www.hotelbelalp.com\/wp-content\/uploads\/2023\/01\/224041-affiche_coupe_d_europe_v2-8x12.jpg 8w, https:\/\/www.hotelbelalp.com\/wp-content\/uploads\/2023\/01\/224041-affiche_coupe_d_europe_v2-scaled.jpg 1810w\" sizes=\"(max-width: 212px) 100vw, 212px\"><\/div><\/a>\n\t\t\t\t<div class=\"elementor-post__text\">\n\t\t\t\t<h3 class=\"elementor-post__title\">\n\t\t\t<a href=\"https:\/\/www.hotelbelalp.com\/de\/coupe-deurope-de-ski-alpin-dames\/\" >\n\t\t\t\t30\/01\/23 - 03\/02\/23 | Alpiner Ski Europacup - Damen\t\t\t<\/a>\n\t\t<\/h3>\n\t\t\n\t\t<a class=\"elementor-post__read-more\" href=\"https:\/\/www.hotelbelalp.com\/de\/coupe-deurope-de-ski-alpin-dames\/\" aria-label=\"Mehr \u00fcber 30\/01\/23 &#8211; 03\/02\/23 | Coupe d&rsquo;Europe de Ski Alpin &#8211; Dames\" tabindex=\"-1\" >\n\t\t\tWeiterlesen \"\t\t<\/a>\n\n\t\t\t\t<\/div>\n\t\t\t\t<div class=\"elementor-post__meta-data\">\n\t\t\t\t\t<span class=\"elementor-post-date\">\n\t\t\t25. Januar 2023\t\t<\/span>\n\t\t\t\t<span class=\"elementor-post-avatar\">\n\t\t\tKeine Kommentare\t\t<\/span>\n\t\t\t\t<\/div>\n\t\t\t\t\t<\/div>\n\t\t<\/article>\n\t\t\t\t<\/div>\n\t\t\n\t\t\t\t\t\t<\/div>\n\t\t\t\t<\/div>\n\t\t\t\t\t<\/div>\n\t\t<\/div>\n\t\t\t\t\t<\/div>\n\t\t<\/section>\n\t\t\t\t<\/div>","protected":false},"excerpt":{"rendered":"<p>D\u00c9COUVREZ NOTRE MAGAZINE Brochure Belalp hiver 2026 D\u00e9couvrez nos tarifs, notre \u00e9tablissement et toutes les informations pratiques pour votre s\u00e9jour LES ACTUALIT\u00c9S DE NOTRE CHALET<\/p>","protected":false},"author":12,"featured_media":0,"parent":0,"menu_order":0,"comment_status":"closed","ping_status":"closed","template":"","meta":{"inline_featured_image":false,"footnotes":""},"class_list":["post-676","page","type-page","status-publish","hentry"],"_links":{"self":[{"href":"https:\/\/www.hotelbelalp.com\/de\/wp-json\/wp\/v2\/pages\/676","targetHints":{"allow":["GET"]}}],"collection":[{"href":"https:\/\/www.hotelbelalp.com\/de\/wp-json\/wp\/v2\/pages"}],"about":[{"href":"https:\/\/www.hotelbelalp.com\/de\/wp-json\/wp\/v2\/types\/page"}],"author":[{"embeddable":true,"href":"https:\/\/www.hotelbelalp.com\/de\/wp-json\/wp\/v2\/users\/12"}],"replies":[{"embeddable":true,"href":"https:\/\/www.hotelbelalp.com\/de\/wp-json\/wp\/v2\/comments?post=676"}],"version-history":[{"count":92,"href":"https:\/\/www.hotelbelalp.com\/de\/wp-json\/wp\/v2\/pages\/676\/revisions"}],"predecessor-version":[{"id":2234,"href":"https:\/\/www.hotelbelalp.com\/de\/wp-json\/wp\/v2\/pages\/676\/revisions\/2234"}],"wp:attachment":[{"href":"https:\/\/www.hotelbelalp.com\/de\/wp-json\/wp\/v2\/media?parent=676"}],"curies":[{"name":"wp","href":"https:\/\/api.w.org\/{rel}","templated":true}]}}