{"id":681,"date":"2022-11-02T15:49:47","date_gmt":"2022-11-02T14:49:47","guid":{"rendered":"https:\/\/www.hotelbelalp.com\/?page_id=681"},"modified":"2026-08-01T17:34:04","modified_gmt":"2026-08-01T15:34:04","slug":"photos-hotel-spa-chatel","status":"publish","type":"page","link":"https:\/\/www.hotelbelalp.com\/en\/photos-hotel-spa-chatel\/","title":{"rendered":"Photo gallery"},"content":{"rendered":"<div data-elementor-type=\"wp-page\" data-elementor-id=\"681\" class=\"elementor elementor-681\" data-elementor-post-type=\"page\">\n\t\t\t\t\t\t<section class=\"elementor-section elementor-top-section elementor-element elementor-element-19f7f61b elementor-section-content-middle elementor-section-boxed elementor-section-height-default elementor-section-height-default\" data-id=\"19f7f61b\" data-element_type=\"section\" data-e-type=\"section\">\n\t\t\t\t\t\t<div class=\"elementor-container elementor-column-gap-default\">\n\t\t\t\t\t<div class=\"elementor-column elementor-col-100 elementor-top-column elementor-element elementor-element-21f3bc88\" data-id=\"21f3bc88\" data-element_type=\"column\" data-e-type=\"column\">\n\t\t\t<div class=\"elementor-widget-wrap elementor-element-populated\">\n\t\t\t\t\t\t<div class=\"elementor-element elementor-element-23327faf elementor-widget elementor-widget-heading\" data-id=\"23327faf\" data-element_type=\"widget\" data-e-type=\"widget\" data-widget_type=\"heading.default\">\n\t\t\t\t<div class=\"elementor-widget-container\">\n\t\t\t\t\t<h2 class=\"elementor-heading-title elementor-size-default\">IN PICTURES, THE HOTEL, THE ROOMS, THE SPA, THE RESTAURANT<\/h2>\t\t\t\t<\/div>\n\t\t\t\t<\/div>\n\t\t\t\t<div class=\"elementor-element elementor-element-1eb8bed8 elementor-widget elementor-widget-text-editor\" data-id=\"1eb8bed8\" data-element_type=\"widget\" data-e-type=\"widget\" data-widget_type=\"text-editor.default\">\n\t\t\t\t<div class=\"elementor-widget-container\">\n\t\t\t\t\t\t\t\t\t<p>TO MAKE YOU WANT TO GO ON HOLIDAY IN CH\u00c2TEL<\/p>\t\t\t\t\t\t\t\t<\/div>\n\t\t\t\t<\/div>\n\t\t\t\t\t<\/div>\n\t\t<\/div>\n\t\t\t\t\t<\/div>\n\t\t<\/section>\n\t\t\t\t<section class=\"elementor-section elementor-top-section elementor-element elementor-element-8044edd elementor-section-boxed elementor-section-height-default elementor-section-height-default\" data-id=\"8044edd\" data-element_type=\"section\" data-e-type=\"section\">\n\t\t\t\t\t\t<div class=\"elementor-container elementor-column-gap-default\">\n\t\t\t\t\t<div class=\"elementor-column elementor-col-100 elementor-top-column elementor-element elementor-element-75bae4c\" data-id=\"75bae4c\" data-element_type=\"column\" data-e-type=\"column\">\n\t\t\t<div class=\"elementor-widget-wrap elementor-element-populated\">\n\t\t\t\t\t\t<div class=\"elementor-element elementor-element-d5d9532 elementor-widget elementor-widget-text-editor\" data-id=\"d5d9532\" data-element_type=\"widget\" data-e-type=\"widget\" data-widget_type=\"text-editor.default\">\n\t\t\t\t<div class=\"elementor-widget-container\">\n\t\t\t\t\t\t\t\t\t<p>To imagine your next stay in Ch\u00e2tel, discover our photo gallery. Through the pictures, you will be able to appreciate the comfortable and warm atmosphere of the chalet, its rooms, its restaurant and its relaxation &amp; spa area.<\/p>\t\t\t\t\t\t\t\t<\/div>\n\t\t\t\t<\/div>\n\t\t\t\t\t<\/div>\n\t\t<\/div>\n\t\t\t\t\t<\/div>\n\t\t<\/section>\n\t\t\t\t<section class=\"elementor-section elementor-top-section elementor-element elementor-element-26ed1d8 elementor-section-boxed elementor-section-height-default elementor-section-height-default\" data-id=\"26ed1d8\" data-element_type=\"section\" data-e-type=\"section\">\n\t\t\t\t\t\t<div class=\"elementor-container elementor-column-gap-default\">\n\t\t\t\t\t<div class=\"elementor-column elementor-col-100 elementor-top-column elementor-element elementor-element-b790f08\" data-id=\"b790f08\" data-element_type=\"column\" data-e-type=\"column\">\n\t\t\t<div class=\"elementor-widget-wrap elementor-element-populated\">\n\t\t\t\t\t\t<div class=\"elementor-element elementor-element-1cffa5d elementor-widget elementor-widget-gallery\" data-id=\"1cffa5d\" data-element_type=\"widget\" data-e-type=\"widget\" data-settings=\"{&quot;columns&quot;:3,&quot;lazyload&quot;:&quot;yes&quot;,&quot;gallery_layout&quot;:&quot;grid&quot;,&quot;columns_tablet&quot;:2,&quot;columns_mobile&quot;:1,&quot;gap&quot;:{&quot;unit&quot;:&quot;px&quot;,&quot;size&quot;:10,&quot;sizes&quot;:[]},&quot;gap_tablet&quot;:{&quot;unit&quot;:&quot;px&quot;,&quot;size&quot;:10,&quot;sizes&quot;:[]},&quot;gap_mobile&quot;:{&quot;unit&quot;:&quot;px&quot;,&quot;size&quot;:10,&quot;sizes&quot;:[]},&quot;link_to&quot;:&quot;file&quot;,&quot;aspect_ratio&quot;:&quot;3:2&quot;,&quot;show_all_galleries&quot;:&quot;yes&quot;,&quot;overlay_background&quot;:&quot;yes&quot;,&quot;content_hover_animation&quot;:&quot;fade-in&quot;}\" data-widget_type=\"gallery.default\">\n\t\t\t\t<div class=\"elementor-widget-container\">\n\t\t\t\t\t\t\t\t<div class=\"elementor-gallery__titles-container e--pointer-underline e--animation-fade\" aria-label=\"Filter gallery\">\n\t\t\t\t\t\t\t\t\t<a class=\"elementor-item elementor-gallery-title\" role=\"button\" tabindex=\"0\" data-gallery-index=\"all\">\n\t\t\t\t\t\tAll\t\t\t\t\t<\/a>\n\t\t\t\t\n\t\t\t\t\t\t\t\t\t<a class=\"elementor-item elementor-gallery-title\" role=\"button\" tabindex=\"0\" data-gallery-index=\"0\">\n\t\t\t\t\t\tHotel\t\t\t\t\t<\/a>\n\t\t\t\t\t\t\t\t\t\t<a class=\"elementor-item elementor-gallery-title\" role=\"button\" tabindex=\"0\" data-gallery-index=\"1\">\n\t\t\t\t\t\tRestaurant\t\t\t\t\t<\/a>\n\t\t\t\t\t\t\t\t\t\t<a class=\"elementor-item elementor-gallery-title\" role=\"button\" tabindex=\"0\" data-gallery-index=\"2\">\n\t\t\t\t\t\tRelaxation\t\t\t\t\t<\/a>\n\t\t\t\t\t\t\t\t\t\t<a class=\"elementor-item elementor-gallery-title\" role=\"button\" tabindex=\"0\" data-gallery-index=\"3\">\n\t\t\t\t\t\tTourism\t\t\t\t\t<\/a>\n\t\t\t\t\t\t\t\t<\/div>\n\t\t\t\t\t<div class=\"elementor-gallery__container\">\n\t\t\t\t\t\t\t<a class=\"e-gallery-item elementor-gallery-item elementor-animated-content\" data-e-gallery-tags=\"0\" href=\"https:\/\/www.hotelbelalp.com\/wp-content\/uploads\/2022\/10\/112210-7-052-C.jpg\" data-elementor-open-lightbox=\"yes\" data-elementor-lightbox-slideshow=\"1cffa5d\" data-elementor-lightbox-title=\"112210-7-052 C\" data-e-action-hash=\"#elementor-action%3Aaction%3Dlightbox%26settings%3DeyJpZCI6NjM1LCJ1cmwiOiJodHRwczpcL1wvd3d3LmhvdGVsYmVsYWxwLmNvbVwvd3AtY29udGVudFwvdXBsb2Fkc1wvMjAyMlwvMTBcLzExMjIxMC03LTA1Mi1DLmpwZyIsInNsaWRlc2hvdyI6IjFjZmZhNWQifQ%3D%3D\">\n\t\t\t\t\t<div class=\"e-gallery-image elementor-gallery-item__image\" data-thumbnail=\"https:\/\/www.hotelbelalp.com\/wp-content\/uploads\/2022\/10\/112210-7-052-C-300x200.jpg\" data-width=\"300\" data-height=\"200\" aria-label=\"\" role=\"img\" ><\/div>\n\t\t\t\t\t\t\t\t\t\t\t<div class=\"elementor-gallery-item__overlay\"><\/div>\n\t\t\t\t\t\t\t\t\t\t\t\t\t\t<\/a>\n\t\t\t\t\t\t\t<a class=\"e-gallery-item elementor-gallery-item elementor-animated-content\" data-e-gallery-tags=\"0\" href=\"https:\/\/www.hotelbelalp.com\/wp-content\/uploads\/2022\/10\/hotel-belalp-02.jpg\" data-elementor-open-lightbox=\"yes\" data-elementor-lightbox-slideshow=\"1cffa5d\" data-elementor-lightbox-title=\"hotel-belalp-02\" data-e-action-hash=\"#elementor-action%3Aaction%3Dlightbox%26settings%3DeyJpZCI6MzA0LCJ1cmwiOiJodHRwczpcL1wvd3d3LmhvdGVsYmVsYWxwLmNvbVwvd3AtY29udGVudFwvdXBsb2Fkc1wvMjAyMlwvMTBcL2hvdGVsLWJlbGFscC0wMi5qcGciLCJzbGlkZXNob3ciOiIxY2ZmYTVkIn0%3D\">\n\t\t\t\t\t<div class=\"e-gallery-image elementor-gallery-item__image\" data-thumbnail=\"https:\/\/www.hotelbelalp.com\/wp-content\/uploads\/2022\/10\/hotel-belalp-02-300x200.jpg\" data-width=\"300\" data-height=\"200\" aria-label=\"\" role=\"img\" ><\/div>\n\t\t\t\t\t\t\t\t\t\t\t<div class=\"elementor-gallery-item__overlay\"><\/div>\n\t\t\t\t\t\t\t\t\t\t\t\t\t\t<\/a>\n\t\t\t\t\t\t\t<a class=\"e-gallery-item elementor-gallery-item elementor-animated-content\" data-e-gallery-tags=\"0\" href=\"https:\/\/www.hotelbelalp.com\/wp-content\/uploads\/2022\/10\/hotel-belalp-06.jpg\" data-elementor-open-lightbox=\"yes\" data-elementor-lightbox-slideshow=\"1cffa5d\" data-elementor-lightbox-title=\"hotel-belalp-06\" data-e-action-hash=\"#elementor-action%3Aaction%3Dlightbox%26settings%3DeyJpZCI6MzA4LCJ1cmwiOiJodHRwczpcL1wvd3d3LmhvdGVsYmVsYWxwLmNvbVwvd3AtY29udGVudFwvdXBsb2Fkc1wvMjAyMlwvMTBcL2hvdGVsLWJlbGFscC0wNi5qcGciLCJzbGlkZXNob3ciOiIxY2ZmYTVkIn0%3D\">\n\t\t\t\t\t<div class=\"e-gallery-image elementor-gallery-item__image\" data-thumbnail=\"https:\/\/www.hotelbelalp.com\/wp-content\/uploads\/2022\/10\/hotel-belalp-06-300x200.jpg\" data-width=\"300\" data-height=\"200\" aria-label=\"\" role=\"img\" ><\/div>\n\t\t\t\t\t\t\t\t\t\t\t<div class=\"elementor-gallery-item__overlay\"><\/div>\n\t\t\t\t\t\t\t\t\t\t\t\t\t\t<\/a>\n\t\t\t\t\t\t\t<a class=\"e-gallery-item elementor-gallery-item elementor-animated-content\" data-e-gallery-tags=\"0\" href=\"https:\/\/www.hotelbelalp.com\/wp-content\/uploads\/2026\/08\/ch-104-ete.png\" data-elementor-open-lightbox=\"yes\" data-elementor-lightbox-slideshow=\"1cffa5d\" data-elementor-lightbox-title=\"ch 104 \u00e9t\u00e9\" data-e-action-hash=\"#elementor-action%3Aaction%3Dlightbox%26settings%3DeyJpZCI6MjQ3OCwidXJsIjoiaHR0cHM6XC9cL3d3dy5ob3RlbGJlbGFscC5jb21cL3dwLWNvbnRlbnRcL3VwbG9hZHNcLzIwMjZcLzA4XC9jaC0xMDQtZXRlLnBuZyIsInNsaWRlc2hvdyI6IjFjZmZhNWQifQ%3D%3D\">\n\t\t\t\t\t<div class=\"e-gallery-image elementor-gallery-item__image\" data-thumbnail=\"https:\/\/www.hotelbelalp.com\/wp-content\/uploads\/2026\/08\/ch-104-ete-300x225.png\" data-width=\"300\" data-height=\"225\" aria-label=\"\" role=\"img\" ><\/div>\n\t\t\t\t\t\t\t\t\t\t\t<div class=\"elementor-gallery-item__overlay\"><\/div>\n\t\t\t\t\t\t\t\t\t\t\t\t\t\t<\/a>\n\t\t\t\t\t\t\t<a class=\"e-gallery-item elementor-gallery-item elementor-animated-content\" data-e-gallery-tags=\"0\" href=\"https:\/\/www.hotelbelalp.com\/wp-content\/uploads\/2026\/08\/ch-101-vue-ete-panoramique.png\" data-elementor-open-lightbox=\"yes\" data-elementor-lightbox-slideshow=\"1cffa5d\" data-elementor-lightbox-title=\"ch 101 vue \u00e9t\u00e9 panoramique\" data-e-action-hash=\"#elementor-action%3Aaction%3Dlightbox%26settings%3DeyJpZCI6MjQ2OCwidXJsIjoiaHR0cHM6XC9cL3d3dy5ob3RlbGJlbGFscC5jb21cL3dwLWNvbnRlbnRcL3VwbG9hZHNcLzIwMjZcLzA4XC9jaC0xMDEtdnVlLWV0ZS1wYW5vcmFtaXF1ZS5wbmciLCJzbGlkZXNob3ciOiIxY2ZmYTVkIn0%3D\">\n\t\t\t\t\t<div class=\"e-gallery-image elementor-gallery-item__image\" data-thumbnail=\"https:\/\/www.hotelbelalp.com\/wp-content\/uploads\/2026\/08\/ch-101-vue-ete-panoramique-300x225.png\" data-width=\"300\" data-height=\"225\" aria-label=\"\" role=\"img\" ><\/div>\n\t\t\t\t\t\t\t\t\t\t\t<div class=\"elementor-gallery-item__overlay\"><\/div>\n\t\t\t\t\t\t\t\t\t\t\t\t\t\t<\/a>\n\t\t\t\t\t\t\t<a class=\"e-gallery-item elementor-gallery-item elementor-animated-content\" data-e-gallery-tags=\"0\" href=\"https:\/\/www.hotelbelalp.com\/wp-content\/uploads\/2026\/08\/ch-307-b.png\" data-elementor-open-lightbox=\"yes\" data-elementor-lightbox-slideshow=\"1cffa5d\" data-elementor-lightbox-title=\"ch 307 b\" data-e-action-hash=\"#elementor-action%3Aaction%3Dlightbox%26settings%3DeyJpZCI6MjQ4MCwidXJsIjoiaHR0cHM6XC9cL3d3dy5ob3RlbGJlbGFscC5jb21cL3dwLWNvbnRlbnRcL3VwbG9hZHNcLzIwMjZcLzA4XC9jaC0zMDctYi5wbmciLCJzbGlkZXNob3ciOiIxY2ZmYTVkIn0%3D\">\n\t\t\t\t\t<div class=\"e-gallery-image elementor-gallery-item__image\" data-thumbnail=\"https:\/\/www.hotelbelalp.com\/wp-content\/uploads\/2026\/08\/ch-307-b-300x200.png\" data-width=\"300\" data-height=\"200\" aria-label=\"\" role=\"img\" ><\/div>\n\t\t\t\t\t\t\t\t\t\t\t<div class=\"elementor-gallery-item__overlay\"><\/div>\n\t\t\t\t\t\t\t\t\t\t\t\t\t\t<\/a>\n\t\t\t\t\t\t\t<a class=\"e-gallery-item elementor-gallery-item elementor-animated-content\" data-e-gallery-tags=\"0\" href=\"https:\/\/www.hotelbelalp.com\/wp-content\/uploads\/2026\/08\/ch-100-Vue-1.png\" data-elementor-open-lightbox=\"yes\" data-elementor-lightbox-slideshow=\"1cffa5d\" data-elementor-lightbox-title=\"ch 100 Vue 1\" data-e-action-hash=\"#elementor-action%3Aaction%3Dlightbox%26settings%3DeyJpZCI6MjQ5NSwidXJsIjoiaHR0cHM6XC9cL3d3dy5ob3RlbGJlbGFscC5jb21cL3dwLWNvbnRlbnRcL3VwbG9hZHNcLzIwMjZcLzA4XC9jaC0xMDAtVnVlLTEucG5nIiwic2xpZGVzaG93IjoiMWNmZmE1ZCJ9\">\n\t\t\t\t\t<div class=\"e-gallery-image elementor-gallery-item__image\" data-thumbnail=\"https:\/\/www.hotelbelalp.com\/wp-content\/uploads\/2026\/08\/ch-100-Vue-1-300x225.png\" data-width=\"300\" data-height=\"225\" aria-label=\"\" role=\"img\" ><\/div>\n\t\t\t\t\t\t\t\t\t\t\t<div class=\"elementor-gallery-item__overlay\"><\/div>\n\t\t\t\t\t\t\t\t\t\t\t\t\t\t<\/a>\n\t\t\t\t\t\t\t<a class=\"e-gallery-item elementor-gallery-item elementor-animated-content\" data-e-gallery-tags=\"0\" href=\"https:\/\/www.hotelbelalp.com\/wp-content\/uploads\/2026\/08\/ch-100-Vue-2-1.png\" data-elementor-open-lightbox=\"yes\" data-elementor-lightbox-slideshow=\"1cffa5d\" data-elementor-lightbox-title=\"ch 100 Vue 2\" data-e-action-hash=\"#elementor-action%3Aaction%3Dlightbox%26settings%3DeyJpZCI6MjQ5NCwidXJsIjoiaHR0cHM6XC9cL3d3dy5ob3RlbGJlbGFscC5jb21cL3dwLWNvbnRlbnRcL3VwbG9hZHNcLzIwMjZcLzA4XC9jaC0xMDAtVnVlLTItMS5wbmciLCJzbGlkZXNob3ciOiIxY2ZmYTVkIn0%3D\">\n\t\t\t\t\t<div class=\"e-gallery-image elementor-gallery-item__image\" data-thumbnail=\"https:\/\/www.hotelbelalp.com\/wp-content\/uploads\/2026\/08\/ch-100-Vue-2-1-300x225.png\" data-width=\"300\" data-height=\"225\" aria-label=\"\" role=\"img\" ><\/div>\n\t\t\t\t\t\t\t\t\t\t\t<div class=\"elementor-gallery-item__overlay\"><\/div>\n\t\t\t\t\t\t\t\t\t\t\t\t\t\t<\/a>\n\t\t\t\t\t\t\t<a class=\"e-gallery-item elementor-gallery-item elementor-animated-content\" data-e-gallery-tags=\"0\" href=\"https:\/\/www.hotelbelalp.com\/wp-content\/uploads\/2026\/08\/ch-100-enfant-Vue-1.png\" data-elementor-open-lightbox=\"yes\" data-elementor-lightbox-slideshow=\"1cffa5d\" data-elementor-lightbox-title=\"ch 100 enfant Vue 1\" data-e-action-hash=\"#elementor-action%3Aaction%3Dlightbox%26settings%3DeyJpZCI6MjQ5MywidXJsIjoiaHR0cHM6XC9cL3d3dy5ob3RlbGJlbGFscC5jb21cL3dwLWNvbnRlbnRcL3VwbG9hZHNcLzIwMjZcLzA4XC9jaC0xMDAtZW5mYW50LVZ1ZS0xLnBuZyIsInNsaWRlc2hvdyI6IjFjZmZhNWQifQ%3D%3D\">\n\t\t\t\t\t<div class=\"e-gallery-image elementor-gallery-item__image\" data-thumbnail=\"https:\/\/www.hotelbelalp.com\/wp-content\/uploads\/2026\/08\/ch-100-enfant-Vue-1-225x300.png\" data-width=\"225\" data-height=\"300\" aria-label=\"\" role=\"img\" ><\/div>\n\t\t\t\t\t\t\t\t\t\t\t<div class=\"elementor-gallery-item__overlay\"><\/div>\n\t\t\t\t\t\t\t\t\t\t\t\t\t\t<\/a>\n\t\t\t\t\t\t\t<a class=\"e-gallery-item elementor-gallery-item elementor-animated-content\" data-e-gallery-tags=\"0\" href=\"https:\/\/www.hotelbelalp.com\/wp-content\/uploads\/2026\/08\/ch-100-Vue-2.png\" data-elementor-open-lightbox=\"yes\" data-elementor-lightbox-slideshow=\"1cffa5d\" data-elementor-lightbox-title=\"ch 100 Vue 2\" data-e-action-hash=\"#elementor-action%3Aaction%3Dlightbox%26settings%3DeyJpZCI6MjQ4NSwidXJsIjoiaHR0cHM6XC9cL3d3dy5ob3RlbGJlbGFscC5jb21cL3dwLWNvbnRlbnRcL3VwbG9hZHNcLzIwMjZcLzA4XC9jaC0xMDAtVnVlLTIucG5nIiwic2xpZGVzaG93IjoiMWNmZmE1ZCJ9\">\n\t\t\t\t\t<div class=\"e-gallery-image elementor-gallery-item__image\" data-thumbnail=\"https:\/\/www.hotelbelalp.com\/wp-content\/uploads\/2026\/08\/ch-100-Vue-2-300x225.png\" data-width=\"300\" data-height=\"225\" aria-label=\"\" role=\"img\" ><\/div>\n\t\t\t\t\t\t\t\t\t\t\t<div class=\"elementor-gallery-item__overlay\"><\/div>\n\t\t\t\t\t\t\t\t\t\t\t\t\t\t<\/a>\n\t\t\t\t\t\t\t<a class=\"e-gallery-item elementor-gallery-item elementor-animated-content\" data-e-gallery-tags=\"0\" href=\"https:\/\/www.hotelbelalp.com\/wp-content\/uploads\/2026\/08\/ch-301-Vue-3.png\" data-elementor-open-lightbox=\"yes\" data-elementor-lightbox-slideshow=\"1cffa5d\" data-elementor-lightbox-title=\"ch 301 Vue 3\" data-e-action-hash=\"#elementor-action%3Aaction%3Dlightbox%26settings%3DeyJpZCI6MjQ4MywidXJsIjoiaHR0cHM6XC9cL3d3dy5ob3RlbGJlbGFscC5jb21cL3dwLWNvbnRlbnRcL3VwbG9hZHNcLzIwMjZcLzA4XC9jaC0zMDEtVnVlLTMucG5nIiwic2xpZGVzaG93IjoiMWNmZmE1ZCJ9\">\n\t\t\t\t\t<div class=\"e-gallery-image elementor-gallery-item__image\" data-thumbnail=\"https:\/\/www.hotelbelalp.com\/wp-content\/uploads\/2026\/08\/ch-301-Vue-3-300x200.png\" data-width=\"300\" data-height=\"200\" aria-label=\"\" role=\"img\" ><\/div>\n\t\t\t\t\t\t\t\t\t\t\t<div class=\"elementor-gallery-item__overlay\"><\/div>\n\t\t\t\t\t\t\t\t\t\t\t\t\t\t<\/a>\n\t\t\t\t\t\t\t<a class=\"e-gallery-item elementor-gallery-item elementor-animated-content\" data-e-gallery-tags=\"0\" href=\"https:\/\/www.hotelbelalp.com\/wp-content\/uploads\/2026\/08\/ch-301-Vue-2.png\" data-elementor-open-lightbox=\"yes\" data-elementor-lightbox-slideshow=\"1cffa5d\" data-elementor-lightbox-title=\"ch 301 Vue 2\" data-e-action-hash=\"#elementor-action%3Aaction%3Dlightbox%26settings%3DeyJpZCI6MjQ4MiwidXJsIjoiaHR0cHM6XC9cL3d3dy5ob3RlbGJlbGFscC5jb21cL3dwLWNvbnRlbnRcL3VwbG9hZHNcLzIwMjZcLzA4XC9jaC0zMDEtVnVlLTIucG5nIiwic2xpZGVzaG93IjoiMWNmZmE1ZCJ9\">\n\t\t\t\t\t<div class=\"e-gallery-image elementor-gallery-item__image\" data-thumbnail=\"https:\/\/www.hotelbelalp.com\/wp-content\/uploads\/2026\/08\/ch-301-Vue-2-300x200.png\" data-width=\"300\" data-height=\"200\" aria-label=\"\" role=\"img\" ><\/div>\n\t\t\t\t\t\t\t\t\t\t\t<div class=\"elementor-gallery-item__overlay\"><\/div>\n\t\t\t\t\t\t\t\t\t\t\t\t\t\t<\/a>\n\t\t\t\t\t\t\t<a class=\"e-gallery-item elementor-gallery-item elementor-animated-content\" data-e-gallery-tags=\"0\" href=\"https:\/\/www.hotelbelalp.com\/wp-content\/uploads\/2026\/08\/ch-301-Vue-1.png\" data-elementor-open-lightbox=\"yes\" data-elementor-lightbox-slideshow=\"1cffa5d\" data-elementor-lightbox-title=\"ch 301 Vue 1\" data-e-action-hash=\"#elementor-action%3Aaction%3Dlightbox%26settings%3DeyJpZCI6MjQ4MSwidXJsIjoiaHR0cHM6XC9cL3d3dy5ob3RlbGJlbGFscC5jb21cL3dwLWNvbnRlbnRcL3VwbG9hZHNcLzIwMjZcLzA4XC9jaC0zMDEtVnVlLTEucG5nIiwic2xpZGVzaG93IjoiMWNmZmE1ZCJ9\">\n\t\t\t\t\t<div class=\"e-gallery-image elementor-gallery-item__image\" data-thumbnail=\"https:\/\/www.hotelbelalp.com\/wp-content\/uploads\/2026\/08\/ch-301-Vue-1-300x200.png\" data-width=\"300\" data-height=\"200\" aria-label=\"\" role=\"img\" ><\/div>\n\t\t\t\t\t\t\t\t\t\t\t<div class=\"elementor-gallery-item__overlay\"><\/div>\n\t\t\t\t\t\t\t\t\t\t\t\t\t\t<\/a>\n\t\t\t\t\t\t\t<a class=\"e-gallery-item elementor-gallery-item elementor-animated-content\" data-e-gallery-tags=\"0\" href=\"https:\/\/www.hotelbelalp.com\/wp-content\/uploads\/2026\/08\/ch-209.png\" data-elementor-open-lightbox=\"yes\" data-elementor-lightbox-slideshow=\"1cffa5d\" data-elementor-lightbox-title=\"ch 209\" data-e-action-hash=\"#elementor-action%3Aaction%3Dlightbox%26settings%3DeyJpZCI6MjQ3OSwidXJsIjoiaHR0cHM6XC9cL3d3dy5ob3RlbGJlbGFscC5jb21cL3dwLWNvbnRlbnRcL3VwbG9hZHNcLzIwMjZcLzA4XC9jaC0yMDkucG5nIiwic2xpZGVzaG93IjoiMWNmZmE1ZCJ9\">\n\t\t\t\t\t<div class=\"e-gallery-image elementor-gallery-item__image\" data-thumbnail=\"https:\/\/www.hotelbelalp.com\/wp-content\/uploads\/2026\/08\/ch-209-300x200.png\" data-width=\"300\" data-height=\"200\" aria-label=\"\" role=\"img\" ><\/div>\n\t\t\t\t\t\t\t\t\t\t\t<div class=\"elementor-gallery-item__overlay\"><\/div>\n\t\t\t\t\t\t\t\t\t\t\t\t\t\t<\/a>\n\t\t\t\t\t\t\t<a class=\"e-gallery-item elementor-gallery-item elementor-animated-content\" data-e-gallery-tags=\"0\" href=\"https:\/\/www.hotelbelalp.com\/wp-content\/uploads\/2026\/08\/ch202-vue2.png\" data-elementor-open-lightbox=\"yes\" data-elementor-lightbox-slideshow=\"1cffa5d\" data-elementor-lightbox-title=\"ch202 vue2\" data-e-action-hash=\"#elementor-action%3Aaction%3Dlightbox%26settings%3DeyJpZCI6MjUwMywidXJsIjoiaHR0cHM6XC9cL3d3dy5ob3RlbGJlbGFscC5jb21cL3dwLWNvbnRlbnRcL3VwbG9hZHNcLzIwMjZcLzA4XC9jaDIwMi12dWUyLnBuZyIsInNsaWRlc2hvdyI6IjFjZmZhNWQifQ%3D%3D\">\n\t\t\t\t\t<div class=\"e-gallery-image elementor-gallery-item__image\" data-thumbnail=\"https:\/\/www.hotelbelalp.com\/wp-content\/uploads\/2026\/08\/ch202-vue2-300x225.png\" data-width=\"300\" data-height=\"225\" aria-label=\"\" role=\"img\" ><\/div>\n\t\t\t\t\t\t\t\t\t\t\t<div class=\"elementor-gallery-item__overlay\"><\/div>\n\t\t\t\t\t\t\t\t\t\t\t\t\t\t<\/a>\n\t\t\t\t\t\t\t<a class=\"e-gallery-item elementor-gallery-item elementor-animated-content\" data-e-gallery-tags=\"0\" href=\"https:\/\/www.hotelbelalp.com\/wp-content\/uploads\/2026\/08\/ch202.png\" data-elementor-open-lightbox=\"yes\" data-elementor-lightbox-slideshow=\"1cffa5d\" data-elementor-lightbox-title=\"ch202\" data-e-action-hash=\"#elementor-action%3Aaction%3Dlightbox%26settings%3DeyJpZCI6MjUwNSwidXJsIjoiaHR0cHM6XC9cL3d3dy5ob3RlbGJlbGFscC5jb21cL3dwLWNvbnRlbnRcL3VwbG9hZHNcLzIwMjZcLzA4XC9jaDIwMi5wbmciLCJzbGlkZXNob3ciOiIxY2ZmYTVkIn0%3D\">\n\t\t\t\t\t<div class=\"e-gallery-image elementor-gallery-item__image\" data-thumbnail=\"https:\/\/www.hotelbelalp.com\/wp-content\/uploads\/2026\/08\/ch202-300x225.png\" data-width=\"300\" data-height=\"225\" aria-label=\"\" role=\"img\" ><\/div>\n\t\t\t\t\t\t\t\t\t\t\t<div class=\"elementor-gallery-item__overlay\"><\/div>\n\t\t\t\t\t\t\t\t\t\t\t\t\t\t<\/a>\n\t\t\t\t\t\t\t<a class=\"e-gallery-item elementor-gallery-item elementor-animated-content\" data-e-gallery-tags=\"0\" href=\"https:\/\/www.hotelbelalp.com\/wp-content\/uploads\/2026\/08\/ch202-vue3.png\" data-elementor-open-lightbox=\"yes\" data-elementor-lightbox-slideshow=\"1cffa5d\" data-elementor-lightbox-title=\"ch202 vue3\" data-e-action-hash=\"#elementor-action%3Aaction%3Dlightbox%26settings%3DeyJpZCI6MjUwNCwidXJsIjoiaHR0cHM6XC9cL3d3dy5ob3RlbGJlbGFscC5jb21cL3dwLWNvbnRlbnRcL3VwbG9hZHNcLzIwMjZcLzA4XC9jaDIwMi12dWUzLnBuZyIsInNsaWRlc2hvdyI6IjFjZmZhNWQifQ%3D%3D\">\n\t\t\t\t\t<div class=\"e-gallery-image elementor-gallery-item__image\" data-thumbnail=\"https:\/\/www.hotelbelalp.com\/wp-content\/uploads\/2026\/08\/ch202-vue3-300x225.png\" data-width=\"300\" data-height=\"225\" aria-label=\"\" role=\"img\" ><\/div>\n\t\t\t\t\t\t\t\t\t\t\t<div class=\"elementor-gallery-item__overlay\"><\/div>\n\t\t\t\t\t\t\t\t\t\t\t\t\t\t<\/a>\n\t\t\t\t\t\t\t<a class=\"e-gallery-item elementor-gallery-item elementor-animated-content\" data-e-gallery-tags=\"0\" href=\"https:\/\/www.hotelbelalp.com\/wp-content\/uploads\/2026\/08\/chambre-213-ete-V2.png\" data-elementor-open-lightbox=\"yes\" data-elementor-lightbox-slideshow=\"1cffa5d\" data-elementor-lightbox-title=\"chambre 213 \u00e9t\u00e9 V2\" data-e-action-hash=\"#elementor-action%3Aaction%3Dlightbox%26settings%3DeyJpZCI6MjQ3NiwidXJsIjoiaHR0cHM6XC9cL3d3dy5ob3RlbGJlbGFscC5jb21cL3dwLWNvbnRlbnRcL3VwbG9hZHNcLzIwMjZcLzA4XC9jaGFtYnJlLTIxMy1ldGUtVjIucG5nIiwic2xpZGVzaG93IjoiMWNmZmE1ZCJ9\">\n\t\t\t\t\t<div class=\"e-gallery-image elementor-gallery-item__image\" data-thumbnail=\"https:\/\/www.hotelbelalp.com\/wp-content\/uploads\/2026\/08\/chambre-213-ete-V2-300x225.png\" data-width=\"300\" data-height=\"225\" aria-label=\"\" role=\"img\" ><\/div>\n\t\t\t\t\t\t\t\t\t\t\t<div class=\"elementor-gallery-item__overlay\"><\/div>\n\t\t\t\t\t\t\t\t\t\t\t\t\t\t<\/a>\n\t\t\t\t\t\t\t<a class=\"e-gallery-item elementor-gallery-item elementor-animated-content\" data-e-gallery-tags=\"0\" href=\"https:\/\/www.hotelbelalp.com\/wp-content\/uploads\/2026\/08\/ch-212.png\" data-elementor-open-lightbox=\"yes\" data-elementor-lightbox-slideshow=\"1cffa5d\" data-elementor-lightbox-title=\"ch 212\" data-e-action-hash=\"#elementor-action%3Aaction%3Dlightbox%26settings%3DeyJpZCI6MjQ4NCwidXJsIjoiaHR0cHM6XC9cL3d3dy5ob3RlbGJlbGFscC5jb21cL3dwLWNvbnRlbnRcL3VwbG9hZHNcLzIwMjZcLzA4XC9jaC0yMTIucG5nIiwic2xpZGVzaG93IjoiMWNmZmE1ZCJ9\">\n\t\t\t\t\t<div class=\"e-gallery-image elementor-gallery-item__image\" data-thumbnail=\"https:\/\/www.hotelbelalp.com\/wp-content\/uploads\/2026\/08\/ch-212-300x200.png\" data-width=\"300\" data-height=\"200\" aria-label=\"\" role=\"img\" ><\/div>\n\t\t\t\t\t\t\t\t\t\t\t<div class=\"elementor-gallery-item__overlay\"><\/div>\n\t\t\t\t\t\t\t\t\t\t\t\t\t\t<\/a>\n\t\t\t\t\t\t\t<a class=\"e-gallery-item elementor-gallery-item elementor-animated-content\" data-e-gallery-tags=\"0\" href=\"https:\/\/www.hotelbelalp.com\/wp-content\/uploads\/2026\/08\/ch-211-ete.png\" data-elementor-open-lightbox=\"yes\" data-elementor-lightbox-slideshow=\"1cffa5d\" data-elementor-lightbox-title=\"ch 211 \u00e9t\u00e9\" data-e-action-hash=\"#elementor-action%3Aaction%3Dlightbox%26settings%3DeyJpZCI6MjQ3NSwidXJsIjoiaHR0cHM6XC9cL3d3dy5ob3RlbGJlbGFscC5jb21cL3dwLWNvbnRlbnRcL3VwbG9hZHNcLzIwMjZcLzA4XC9jaC0yMTEtZXRlLnBuZyIsInNsaWRlc2hvdyI6IjFjZmZhNWQifQ%3D%3D\">\n\t\t\t\t\t<div class=\"e-gallery-image elementor-gallery-item__image\" data-thumbnail=\"https:\/\/www.hotelbelalp.com\/wp-content\/uploads\/2026\/08\/ch-211-ete-300x225.png\" data-width=\"300\" data-height=\"225\" aria-label=\"\" role=\"img\" ><\/div>\n\t\t\t\t\t\t\t\t\t\t\t<div class=\"elementor-gallery-item__overlay\"><\/div>\n\t\t\t\t\t\t\t\t\t\t\t\t\t\t<\/a>\n\t\t\t\t\t\t\t<a class=\"e-gallery-item elementor-gallery-item elementor-animated-content\" data-e-gallery-tags=\"0\" href=\"https:\/\/www.hotelbelalp.com\/wp-content\/uploads\/2026\/08\/ch304-b.png\" data-elementor-open-lightbox=\"yes\" data-elementor-lightbox-slideshow=\"1cffa5d\" data-elementor-lightbox-title=\"ch304 b\" data-e-action-hash=\"#elementor-action%3Aaction%3Dlightbox%26settings%3DeyJpZCI6MjUwOSwidXJsIjoiaHR0cHM6XC9cL3d3dy5ob3RlbGJlbGFscC5jb21cL3dwLWNvbnRlbnRcL3VwbG9hZHNcLzIwMjZcLzA4XC9jaDMwNC1iLnBuZyIsInNsaWRlc2hvdyI6IjFjZmZhNWQifQ%3D%3D\">\n\t\t\t\t\t<div class=\"e-gallery-image elementor-gallery-item__image\" data-thumbnail=\"https:\/\/www.hotelbelalp.com\/wp-content\/uploads\/2026\/08\/ch304-b-300x200.png\" data-width=\"300\" data-height=\"200\" aria-label=\"\" role=\"img\" ><\/div>\n\t\t\t\t\t\t\t\t\t\t\t<div class=\"elementor-gallery-item__overlay\"><\/div>\n\t\t\t\t\t\t\t\t\t\t\t\t\t\t<\/a>\n\t\t\t\t\t\t\t<a class=\"e-gallery-item elementor-gallery-item elementor-animated-content\" data-e-gallery-tags=\"0\" href=\"https:\/\/www.hotelbelalp.com\/wp-content\/uploads\/2026\/08\/ch304-vue2-b.png\" data-elementor-open-lightbox=\"yes\" data-elementor-lightbox-slideshow=\"1cffa5d\" data-elementor-lightbox-title=\"ch304 vue2 b\" data-e-action-hash=\"#elementor-action%3Aaction%3Dlightbox%26settings%3DeyJpZCI6MjUxMCwidXJsIjoiaHR0cHM6XC9cL3d3dy5ob3RlbGJlbGFscC5jb21cL3dwLWNvbnRlbnRcL3VwbG9hZHNcLzIwMjZcLzA4XC9jaDMwNC12dWUyLWIucG5nIiwic2xpZGVzaG93IjoiMWNmZmE1ZCJ9\">\n\t\t\t\t\t<div class=\"e-gallery-image elementor-gallery-item__image\" data-thumbnail=\"https:\/\/www.hotelbelalp.com\/wp-content\/uploads\/2026\/08\/ch304-vue2-b-300x200.png\" data-width=\"300\" data-height=\"200\" aria-label=\"\" role=\"img\" ><\/div>\n\t\t\t\t\t\t\t\t\t\t\t<div class=\"elementor-gallery-item__overlay\"><\/div>\n\t\t\t\t\t\t\t\t\t\t\t\t\t\t<\/a>\n\t\t\t\t\t\t\t<a class=\"e-gallery-item elementor-gallery-item elementor-animated-content\" data-e-gallery-tags=\"0,3\" href=\"https:\/\/www.hotelbelalp.com\/wp-content\/uploads\/2022\/10\/hotel-belalp-01.jpg\" data-elementor-open-lightbox=\"yes\" data-elementor-lightbox-slideshow=\"1cffa5d\" data-elementor-lightbox-title=\"hotel-belalp-01\" data-e-action-hash=\"#elementor-action%3Aaction%3Dlightbox%26settings%3DeyJpZCI6MjkyLCJ1cmwiOiJodHRwczpcL1wvd3d3LmhvdGVsYmVsYWxwLmNvbVwvd3AtY29udGVudFwvdXBsb2Fkc1wvMjAyMlwvMTBcL2hvdGVsLWJlbGFscC0wMS5qcGciLCJzbGlkZXNob3ciOiIxY2ZmYTVkIn0%3D\">\n\t\t\t\t\t<div class=\"e-gallery-image elementor-gallery-item__image\" data-thumbnail=\"https:\/\/www.hotelbelalp.com\/wp-content\/uploads\/2022\/10\/hotel-belalp-01-300x200.jpg\" data-width=\"300\" data-height=\"200\" aria-label=\"\" role=\"img\" ><\/div>\n\t\t\t\t\t\t\t\t\t\t\t<div class=\"elementor-gallery-item__overlay\"><\/div>\n\t\t\t\t\t\t\t\t\t\t\t\t\t\t<\/a>\n\t\t\t\t\t\t\t<a class=\"e-gallery-item elementor-gallery-item elementor-animated-content\" data-e-gallery-tags=\"0\" href=\"https:\/\/www.hotelbelalp.com\/wp-content\/uploads\/2022\/10\/hotel-belalp-03.jpg\" data-elementor-open-lightbox=\"yes\" data-elementor-lightbox-slideshow=\"1cffa5d\" data-elementor-lightbox-title=\"hotel-belalp-03\" data-e-action-hash=\"#elementor-action%3Aaction%3Dlightbox%26settings%3DeyJpZCI6MzA1LCJ1cmwiOiJodHRwczpcL1wvd3d3LmhvdGVsYmVsYWxwLmNvbVwvd3AtY29udGVudFwvdXBsb2Fkc1wvMjAyMlwvMTBcL2hvdGVsLWJlbGFscC0wMy5qcGciLCJzbGlkZXNob3ciOiIxY2ZmYTVkIn0%3D\">\n\t\t\t\t\t<div class=\"e-gallery-image elementor-gallery-item__image\" data-thumbnail=\"https:\/\/www.hotelbelalp.com\/wp-content\/uploads\/2022\/10\/hotel-belalp-03-300x200.jpg\" data-width=\"300\" data-height=\"200\" aria-label=\"\" role=\"img\" ><\/div>\n\t\t\t\t\t\t\t\t\t\t\t<div class=\"elementor-gallery-item__overlay\"><\/div>\n\t\t\t\t\t\t\t\t\t\t\t\t\t\t<\/a>\n\t\t\t\t\t\t\t<a class=\"e-gallery-item elementor-gallery-item elementor-animated-content\" data-e-gallery-tags=\"1\" href=\"https:\/\/www.hotelbelalp.com\/wp-content\/uploads\/2025\/01\/20250125_174056-scaled.jpg\" data-elementor-open-lightbox=\"yes\" data-elementor-lightbox-slideshow=\"1cffa5d\" data-elementor-lightbox-title=\"20250125_174056\" data-e-action-hash=\"#elementor-action%3Aaction%3Dlightbox%26settings%3DeyJpZCI6MTY3NywidXJsIjoiaHR0cHM6XC9cL3d3dy5ob3RlbGJlbGFscC5jb21cL3dwLWNvbnRlbnRcL3VwbG9hZHNcLzIwMjVcLzAxXC8yMDI1MDEyNV8xNzQwNTYtc2NhbGVkLmpwZyIsInNsaWRlc2hvdyI6IjFjZmZhNWQifQ%3D%3D\">\n\t\t\t\t\t<div class=\"e-gallery-image elementor-gallery-item__image\" data-thumbnail=\"https:\/\/www.hotelbelalp.com\/wp-content\/uploads\/2025\/01\/20250125_174056-300x225.jpg\" data-width=\"300\" data-height=\"225\" aria-label=\"\" role=\"img\" ><\/div>\n\t\t\t\t\t\t\t\t\t\t\t<div class=\"elementor-gallery-item__overlay\"><\/div>\n\t\t\t\t\t\t\t\t\t\t\t\t\t\t<\/a>\n\t\t\t\t\t\t\t<a class=\"e-gallery-item elementor-gallery-item elementor-animated-content\" data-e-gallery-tags=\"1\" href=\"https:\/\/www.hotelbelalp.com\/wp-content\/uploads\/2025\/01\/20250125_173955-scaled.jpg\" data-elementor-open-lightbox=\"yes\" data-elementor-lightbox-slideshow=\"1cffa5d\" data-elementor-lightbox-title=\"20250125_173955\" data-e-action-hash=\"#elementor-action%3Aaction%3Dlightbox%26settings%3DeyJpZCI6MTY4NSwidXJsIjoiaHR0cHM6XC9cL3d3dy5ob3RlbGJlbGFscC5jb21cL3dwLWNvbnRlbnRcL3VwbG9hZHNcLzIwMjVcLzAxXC8yMDI1MDEyNV8xNzM5NTUtc2NhbGVkLmpwZyIsInNsaWRlc2hvdyI6IjFjZmZhNWQifQ%3D%3D\">\n\t\t\t\t\t<div class=\"e-gallery-image elementor-gallery-item__image\" data-thumbnail=\"https:\/\/www.hotelbelalp.com\/wp-content\/uploads\/2025\/01\/20250125_173955-300x225.jpg\" data-width=\"300\" data-height=\"225\" aria-label=\"\" role=\"img\" ><\/div>\n\t\t\t\t\t\t\t\t\t\t\t<div class=\"elementor-gallery-item__overlay\"><\/div>\n\t\t\t\t\t\t\t\t\t\t\t\t\t\t<\/a>\n\t\t\t\t\t\t\t<a class=\"e-gallery-item elementor-gallery-item elementor-animated-content\" data-e-gallery-tags=\"1\" href=\"https:\/\/www.hotelbelalp.com\/wp-content\/uploads\/2025\/01\/20250125_174347-scaled.jpg\" data-elementor-open-lightbox=\"yes\" data-elementor-lightbox-slideshow=\"1cffa5d\" data-elementor-lightbox-title=\"20250125_174347\" data-e-action-hash=\"#elementor-action%3Aaction%3Dlightbox%26settings%3DeyJpZCI6MTY3OCwidXJsIjoiaHR0cHM6XC9cL3d3dy5ob3RlbGJlbGFscC5jb21cL3dwLWNvbnRlbnRcL3VwbG9hZHNcLzIwMjVcLzAxXC8yMDI1MDEyNV8xNzQzNDctc2NhbGVkLmpwZyIsInNsaWRlc2hvdyI6IjFjZmZhNWQifQ%3D%3D\">\n\t\t\t\t\t<div class=\"e-gallery-image elementor-gallery-item__image\" data-thumbnail=\"https:\/\/www.hotelbelalp.com\/wp-content\/uploads\/2025\/01\/20250125_174347-300x225.jpg\" data-width=\"300\" data-height=\"225\" aria-label=\"\" role=\"img\" ><\/div>\n\t\t\t\t\t\t\t\t\t\t\t<div class=\"elementor-gallery-item__overlay\"><\/div>\n\t\t\t\t\t\t\t\t\t\t\t\t\t\t<\/a>\n\t\t\t\t\t\t\t<a class=\"e-gallery-item elementor-gallery-item elementor-animated-content\" data-e-gallery-tags=\"1\" href=\"https:\/\/www.hotelbelalp.com\/wp-content\/uploads\/2025\/01\/20250125_161546-scaled.jpg\" data-elementor-open-lightbox=\"yes\" data-elementor-lightbox-slideshow=\"1cffa5d\" data-elementor-lightbox-title=\"20250125_161546\" data-e-action-hash=\"#elementor-action%3Aaction%3Dlightbox%26settings%3DeyJpZCI6MTcwMywidXJsIjoiaHR0cHM6XC9cL3d3dy5ob3RlbGJlbGFscC5jb21cL3dwLWNvbnRlbnRcL3VwbG9hZHNcLzIwMjVcLzAxXC8yMDI1MDEyNV8xNjE1NDYtc2NhbGVkLmpwZyIsInNsaWRlc2hvdyI6IjFjZmZhNWQifQ%3D%3D\">\n\t\t\t\t\t<div class=\"e-gallery-image elementor-gallery-item__image\" data-thumbnail=\"https:\/\/www.hotelbelalp.com\/wp-content\/uploads\/2025\/01\/20250125_161546-300x225.jpg\" data-width=\"300\" data-height=\"225\" aria-label=\"\" role=\"img\" ><\/div>\n\t\t\t\t\t\t\t\t\t\t\t<div class=\"elementor-gallery-item__overlay\"><\/div>\n\t\t\t\t\t\t\t\t\t\t\t\t\t\t<\/a>\n\t\t\t\t\t\t\t<a class=\"e-gallery-item elementor-gallery-item elementor-animated-content\" data-e-gallery-tags=\"1\" href=\"https:\/\/www.hotelbelalp.com\/wp-content\/uploads\/2025\/01\/20250125_174156-scaled.jpg\" data-elementor-open-lightbox=\"yes\" data-elementor-lightbox-slideshow=\"1cffa5d\" data-elementor-lightbox-title=\"20250125_174156\" data-e-action-hash=\"#elementor-action%3Aaction%3Dlightbox%26settings%3DeyJpZCI6MTY3NiwidXJsIjoiaHR0cHM6XC9cL3d3dy5ob3RlbGJlbGFscC5jb21cL3dwLWNvbnRlbnRcL3VwbG9hZHNcLzIwMjVcLzAxXC8yMDI1MDEyNV8xNzQxNTYtc2NhbGVkLmpwZyIsInNsaWRlc2hvdyI6IjFjZmZhNWQifQ%3D%3D\">\n\t\t\t\t\t<div class=\"e-gallery-image elementor-gallery-item__image\" data-thumbnail=\"https:\/\/www.hotelbelalp.com\/wp-content\/uploads\/2025\/01\/20250125_174156-225x300.jpg\" data-width=\"225\" data-height=\"300\" aria-label=\"\" role=\"img\" ><\/div>\n\t\t\t\t\t\t\t\t\t\t\t<div class=\"elementor-gallery-item__overlay\"><\/div>\n\t\t\t\t\t\t\t\t\t\t\t\t\t\t<\/a>\n\t\t\t\t\t\t\t<a class=\"e-gallery-item elementor-gallery-item elementor-animated-content\" data-e-gallery-tags=\"1\" href=\"https:\/\/www.hotelbelalp.com\/wp-content\/uploads\/2025\/01\/20250125_174131-scaled.jpg\" data-elementor-open-lightbox=\"yes\" data-elementor-lightbox-slideshow=\"1cffa5d\" data-elementor-lightbox-title=\"20250125_174131\" data-e-action-hash=\"#elementor-action%3Aaction%3Dlightbox%26settings%3DeyJpZCI6MTY3NSwidXJsIjoiaHR0cHM6XC9cL3d3dy5ob3RlbGJlbGFscC5jb21cL3dwLWNvbnRlbnRcL3VwbG9hZHNcLzIwMjVcLzAxXC8yMDI1MDEyNV8xNzQxMzEtc2NhbGVkLmpwZyIsInNsaWRlc2hvdyI6IjFjZmZhNWQifQ%3D%3D\">\n\t\t\t\t\t<div class=\"e-gallery-image elementor-gallery-item__image\" data-thumbnail=\"https:\/\/www.hotelbelalp.com\/wp-content\/uploads\/2025\/01\/20250125_174131-300x225.jpg\" data-width=\"300\" data-height=\"225\" aria-label=\"\" role=\"img\" ><\/div>\n\t\t\t\t\t\t\t\t\t\t\t<div class=\"elementor-gallery-item__overlay\"><\/div>\n\t\t\t\t\t\t\t\t\t\t\t\t\t\t<\/a>\n\t\t\t\t\t\t\t<a class=\"e-gallery-item elementor-gallery-item elementor-animated-content\" data-e-gallery-tags=\"1\" href=\"https:\/\/www.hotelbelalp.com\/wp-content\/uploads\/2023\/01\/DSCN8674-scaled.jpg\" data-elementor-open-lightbox=\"yes\" data-elementor-lightbox-slideshow=\"1cffa5d\" data-elementor-lightbox-title=\"DSCN8674\" data-e-action-hash=\"#elementor-action%3Aaction%3Dlightbox%26settings%3DeyJpZCI6MTU1OSwidXJsIjoiaHR0cHM6XC9cL3d3dy5ob3RlbGJlbGFscC5jb21cL3dwLWNvbnRlbnRcL3VwbG9hZHNcLzIwMjNcLzAxXC9EU0NOODY3NC1zY2FsZWQuanBnIiwic2xpZGVzaG93IjoiMWNmZmE1ZCJ9\">\n\t\t\t\t\t<div class=\"e-gallery-image elementor-gallery-item__image\" data-thumbnail=\"https:\/\/www.hotelbelalp.com\/wp-content\/uploads\/2023\/01\/DSCN8674-300x200.jpg\" data-width=\"300\" data-height=\"200\" aria-label=\"\" role=\"img\" ><\/div>\n\t\t\t\t\t\t\t\t\t\t\t<div class=\"elementor-gallery-item__overlay\"><\/div>\n\t\t\t\t\t\t\t\t\t\t\t\t\t\t<\/a>\n\t\t\t\t\t\t\t<a class=\"e-gallery-item elementor-gallery-item elementor-animated-content\" data-e-gallery-tags=\"2\" href=\"https:\/\/www.hotelbelalp.com\/wp-content\/uploads\/2022\/10\/112210-7-061-C.jpg\" data-elementor-open-lightbox=\"yes\" data-elementor-lightbox-slideshow=\"1cffa5d\" data-elementor-lightbox-title=\"112210-7-061 C\" data-e-action-hash=\"#elementor-action%3Aaction%3Dlightbox%26settings%3DeyJpZCI6MzQ3LCJ1cmwiOiJodHRwczpcL1wvd3d3LmhvdGVsYmVsYWxwLmNvbVwvd3AtY29udGVudFwvdXBsb2Fkc1wvMjAyMlwvMTBcLzExMjIxMC03LTA2MS1DLmpwZyIsInNsaWRlc2hvdyI6IjFjZmZhNWQifQ%3D%3D\">\n\t\t\t\t\t<div class=\"e-gallery-image elementor-gallery-item__image\" data-thumbnail=\"https:\/\/www.hotelbelalp.com\/wp-content\/uploads\/2022\/10\/112210-7-061-C-300x200.jpg\" data-width=\"300\" data-height=\"200\" aria-label=\"\" role=\"img\" ><\/div>\n\t\t\t\t\t\t\t\t\t\t\t<div class=\"elementor-gallery-item__overlay\"><\/div>\n\t\t\t\t\t\t\t\t\t\t\t\t\t\t<\/a>\n\t\t\t\t\t\t\t<a class=\"e-gallery-item elementor-gallery-item elementor-animated-content\" data-e-gallery-tags=\"2\" href=\"https:\/\/www.hotelbelalp.com\/wp-content\/uploads\/2022\/10\/112210-7-075-C.jpg\" data-elementor-open-lightbox=\"yes\" data-elementor-lightbox-slideshow=\"1cffa5d\" data-elementor-lightbox-title=\"112210-7-075 C\" data-e-action-hash=\"#elementor-action%3Aaction%3Dlightbox%26settings%3DeyJpZCI6MzQ4LCJ1cmwiOiJodHRwczpcL1wvd3d3LmhvdGVsYmVsYWxwLmNvbVwvd3AtY29udGVudFwvdXBsb2Fkc1wvMjAyMlwvMTBcLzExMjIxMC03LTA3NS1DLmpwZyIsInNsaWRlc2hvdyI6IjFjZmZhNWQifQ%3D%3D\">\n\t\t\t\t\t<div class=\"e-gallery-image elementor-gallery-item__image\" data-thumbnail=\"https:\/\/www.hotelbelalp.com\/wp-content\/uploads\/2022\/10\/112210-7-075-C-300x200.jpg\" data-width=\"300\" data-height=\"200\" aria-label=\"\" role=\"img\" ><\/div>\n\t\t\t\t\t\t\t\t\t\t\t<div class=\"elementor-gallery-item__overlay\"><\/div>\n\t\t\t\t\t\t\t\t\t\t\t\t\t\t<\/a>\n\t\t\t\t\t\t\t<a class=\"e-gallery-item elementor-gallery-item elementor-animated-content\" data-e-gallery-tags=\"2\" href=\"https:\/\/www.hotelbelalp.com\/wp-content\/uploads\/2022\/10\/112210-7-080-C.jpg\" data-elementor-open-lightbox=\"yes\" data-elementor-lightbox-slideshow=\"1cffa5d\" data-elementor-lightbox-title=\"112210-7-080 C\" data-e-action-hash=\"#elementor-action%3Aaction%3Dlightbox%26settings%3DeyJpZCI6MzQ5LCJ1cmwiOiJodHRwczpcL1wvd3d3LmhvdGVsYmVsYWxwLmNvbVwvd3AtY29udGVudFwvdXBsb2Fkc1wvMjAyMlwvMTBcLzExMjIxMC03LTA4MC1DLmpwZyIsInNsaWRlc2hvdyI6IjFjZmZhNWQifQ%3D%3D\">\n\t\t\t\t\t<div class=\"e-gallery-image elementor-gallery-item__image\" data-thumbnail=\"https:\/\/www.hotelbelalp.com\/wp-content\/uploads\/2022\/10\/112210-7-080-C-300x200.jpg\" data-width=\"300\" data-height=\"200\" aria-label=\"\" role=\"img\" ><\/div>\n\t\t\t\t\t\t\t\t\t\t\t<div class=\"elementor-gallery-item__overlay\"><\/div>\n\t\t\t\t\t\t\t\t\t\t\t\t\t\t<\/a>\n\t\t\t\t\t\t\t<a class=\"e-gallery-item elementor-gallery-item elementor-animated-content\" data-e-gallery-tags=\"2\" href=\"https:\/\/www.hotelbelalp.com\/wp-content\/uploads\/2022\/10\/112210-7-104-C.jpg\" data-elementor-open-lightbox=\"yes\" data-elementor-lightbox-slideshow=\"1cffa5d\" data-elementor-lightbox-title=\"112210-7-104 C\" data-e-action-hash=\"#elementor-action%3Aaction%3Dlightbox%26settings%3DeyJpZCI6MzUwLCJ1cmwiOiJodHRwczpcL1wvd3d3LmhvdGVsYmVsYWxwLmNvbVwvd3AtY29udGVudFwvdXBsb2Fkc1wvMjAyMlwvMTBcLzExMjIxMC03LTEwNC1DLmpwZyIsInNsaWRlc2hvdyI6IjFjZmZhNWQifQ%3D%3D\">\n\t\t\t\t\t<div class=\"e-gallery-image elementor-gallery-item__image\" data-thumbnail=\"https:\/\/www.hotelbelalp.com\/wp-content\/uploads\/2022\/10\/112210-7-104-C-300x200.jpg\" data-width=\"300\" data-height=\"200\" aria-label=\"\" role=\"img\" ><\/div>\n\t\t\t\t\t\t\t\t\t\t\t<div class=\"elementor-gallery-item__overlay\"><\/div>\n\t\t\t\t\t\t\t\t\t\t\t\t\t\t<\/a>\n\t\t\t\t\t\t\t<a class=\"e-gallery-item elementor-gallery-item elementor-animated-content\" data-e-gallery-tags=\"2\" href=\"https:\/\/www.hotelbelalp.com\/wp-content\/uploads\/2025\/01\/P1030076-scaled.jpg\" data-elementor-open-lightbox=\"yes\" data-elementor-lightbox-slideshow=\"1cffa5d\" data-elementor-lightbox-title=\"P1030076\" data-e-action-hash=\"#elementor-action%3Aaction%3Dlightbox%26settings%3DeyJpZCI6MTcyNiwidXJsIjoiaHR0cHM6XC9cL3d3dy5ob3RlbGJlbGFscC5jb21cL3dwLWNvbnRlbnRcL3VwbG9hZHNcLzIwMjVcLzAxXC9QMTAzMDA3Ni1zY2FsZWQuanBnIiwic2xpZGVzaG93IjoiMWNmZmE1ZCJ9\">\n\t\t\t\t\t<div class=\"e-gallery-image elementor-gallery-item__image\" data-thumbnail=\"https:\/\/www.hotelbelalp.com\/wp-content\/uploads\/2025\/01\/P1030076-225x300.jpg\" data-width=\"225\" data-height=\"300\" aria-label=\"\" role=\"img\" ><\/div>\n\t\t\t\t\t\t\t\t\t\t\t<div class=\"elementor-gallery-item__overlay\"><\/div>\n\t\t\t\t\t\t\t\t\t\t\t\t\t\t<\/a>\n\t\t\t\t\t\t\t<a class=\"e-gallery-item elementor-gallery-item elementor-animated-content\" data-e-gallery-tags=\"2\" href=\"https:\/\/www.hotelbelalp.com\/wp-content\/uploads\/2026\/08\/salon-vue-2.png\" data-elementor-open-lightbox=\"yes\" data-elementor-lightbox-slideshow=\"1cffa5d\" data-elementor-lightbox-title=\"salon vue 2\" data-e-action-hash=\"#elementor-action%3Aaction%3Dlightbox%26settings%3DeyJpZCI6MjUwMCwidXJsIjoiaHR0cHM6XC9cL3d3dy5ob3RlbGJlbGFscC5jb21cL3dwLWNvbnRlbnRcL3VwbG9hZHNcLzIwMjZcLzA4XC9zYWxvbi12dWUtMi5wbmciLCJzbGlkZXNob3ciOiIxY2ZmYTVkIn0%3D\">\n\t\t\t\t\t<div class=\"e-gallery-image elementor-gallery-item__image\" data-thumbnail=\"https:\/\/www.hotelbelalp.com\/wp-content\/uploads\/2026\/08\/salon-vue-2-300x225.png\" data-width=\"300\" data-height=\"225\" aria-label=\"\" role=\"img\" ><\/div>\n\t\t\t\t\t\t\t\t\t\t\t<div class=\"elementor-gallery-item__overlay\"><\/div>\n\t\t\t\t\t\t\t\t\t\t\t\t\t\t<\/a>\n\t\t\t\t\t\t\t<a class=\"e-gallery-item elementor-gallery-item elementor-animated-content\" data-e-gallery-tags=\"2\" href=\"https:\/\/www.hotelbelalp.com\/wp-content\/uploads\/2026\/08\/salon-vue1.png\" data-elementor-open-lightbox=\"yes\" data-elementor-lightbox-slideshow=\"1cffa5d\" data-elementor-lightbox-title=\"salon vue1\" data-e-action-hash=\"#elementor-action%3Aaction%3Dlightbox%26settings%3DeyJpZCI6MjUwMSwidXJsIjoiaHR0cHM6XC9cL3d3dy5ob3RlbGJlbGFscC5jb21cL3dwLWNvbnRlbnRcL3VwbG9hZHNcLzIwMjZcLzA4XC9zYWxvbi12dWUxLnBuZyIsInNsaWRlc2hvdyI6IjFjZmZhNWQifQ%3D%3D\">\n\t\t\t\t\t<div class=\"e-gallery-image elementor-gallery-item__image\" data-thumbnail=\"https:\/\/www.hotelbelalp.com\/wp-content\/uploads\/2026\/08\/salon-vue1-300x225.png\" data-width=\"300\" data-height=\"225\" aria-label=\"\" role=\"img\" ><\/div>\n\t\t\t\t\t\t\t\t\t\t\t<div class=\"elementor-gallery-item__overlay\"><\/div>\n\t\t\t\t\t\t\t\t\t\t\t\t\t\t<\/a>\n\t\t\t\t\t\t\t<a class=\"e-gallery-item elementor-gallery-item elementor-animated-content\" data-e-gallery-tags=\"2\" href=\"https:\/\/www.hotelbelalp.com\/wp-content\/uploads\/2026\/08\/salon-vue3.png\" data-elementor-open-lightbox=\"yes\" data-elementor-lightbox-slideshow=\"1cffa5d\" data-elementor-lightbox-title=\"salon vue3\" data-e-action-hash=\"#elementor-action%3Aaction%3Dlightbox%26settings%3DeyJpZCI6MjUwMiwidXJsIjoiaHR0cHM6XC9cL3d3dy5ob3RlbGJlbGFscC5jb21cL3dwLWNvbnRlbnRcL3VwbG9hZHNcLzIwMjZcLzA4XC9zYWxvbi12dWUzLnBuZyIsInNsaWRlc2hvdyI6IjFjZmZhNWQifQ%3D%3D\">\n\t\t\t\t\t<div class=\"e-gallery-image elementor-gallery-item__image\" data-thumbnail=\"https:\/\/www.hotelbelalp.com\/wp-content\/uploads\/2026\/08\/salon-vue3-300x225.png\" data-width=\"300\" data-height=\"225\" aria-label=\"\" role=\"img\" ><\/div>\n\t\t\t\t\t\t\t\t\t\t\t<div class=\"elementor-gallery-item__overlay\"><\/div>\n\t\t\t\t\t\t\t\t\t\t\t\t\t\t<\/a>\n\t\t\t\t\t\t\t<a class=\"e-gallery-item elementor-gallery-item elementor-animated-content\" data-e-gallery-tags=\"3\" href=\"https:\/\/www.hotelbelalp.com\/wp-content\/uploads\/2025\/02\/20240717_132817-scaled.jpg\" data-elementor-open-lightbox=\"yes\" data-elementor-lightbox-slideshow=\"1cffa5d\" data-elementor-lightbox-title=\"20240717_132817\" data-e-action-hash=\"#elementor-action%3Aaction%3Dlightbox%26settings%3DeyJpZCI6MTc2NSwidXJsIjoiaHR0cHM6XC9cL3d3dy5ob3RlbGJlbGFscC5jb21cL3dwLWNvbnRlbnRcL3VwbG9hZHNcLzIwMjVcLzAyXC8yMDI0MDcxN18xMzI4MTctc2NhbGVkLmpwZyIsInNsaWRlc2hvdyI6IjFjZmZhNWQifQ%3D%3D\">\n\t\t\t\t\t<div class=\"e-gallery-image elementor-gallery-item__image\" data-thumbnail=\"https:\/\/www.hotelbelalp.com\/wp-content\/uploads\/2025\/02\/20240717_132817-300x225.jpg\" data-width=\"300\" data-height=\"225\" aria-label=\"\" role=\"img\" ><\/div>\n\t\t\t\t\t\t\t\t\t\t\t<div class=\"elementor-gallery-item__overlay\"><\/div>\n\t\t\t\t\t\t\t\t\t\t\t\t\t\t<\/a>\n\t\t\t\t\t\t\t<a class=\"e-gallery-item elementor-gallery-item elementor-animated-content\" data-e-gallery-tags=\"3\" href=\"https:\/\/www.hotelbelalp.com\/wp-content\/uploads\/2022\/11\/evian.jpg\" data-elementor-open-lightbox=\"yes\" data-elementor-lightbox-slideshow=\"1cffa5d\" data-elementor-lightbox-title=\"evian\" data-e-action-hash=\"#elementor-action%3Aaction%3Dlightbox%26settings%3DeyJpZCI6Nzk3LCJ1cmwiOiJodHRwczpcL1wvd3d3LmhvdGVsYmVsYWxwLmNvbVwvd3AtY29udGVudFwvdXBsb2Fkc1wvMjAyMlwvMTFcL2V2aWFuLmpwZyIsInNsaWRlc2hvdyI6IjFjZmZhNWQifQ%3D%3D\">\n\t\t\t\t\t<div class=\"e-gallery-image elementor-gallery-item__image\" data-thumbnail=\"https:\/\/www.hotelbelalp.com\/wp-content\/uploads\/2022\/11\/evian-300x188.jpg\" data-width=\"300\" data-height=\"188\" aria-label=\"\" role=\"img\" ><\/div>\n\t\t\t\t\t\t\t\t\t\t\t<div class=\"elementor-gallery-item__overlay\"><\/div>\n\t\t\t\t\t\t\t\t\t\t\t\t\t\t<\/a>\n\t\t\t\t\t\t\t<a class=\"e-gallery-item elementor-gallery-item elementor-animated-content\" data-e-gallery-tags=\"3\" href=\"https:\/\/www.hotelbelalp.com\/wp-content\/uploads\/2022\/10\/village-chatel.jpg\" data-elementor-open-lightbox=\"yes\" data-elementor-lightbox-slideshow=\"1cffa5d\" data-elementor-lightbox-title=\"ski safari border france switzerland\" data-e-action-hash=\"#elementor-action%3Aaction%3Dlightbox%26settings%3DeyJpZCI6MzY0LCJ1cmwiOiJodHRwczpcL1wvd3d3LmhvdGVsYmVsYWxwLmNvbVwvd3AtY29udGVudFwvdXBsb2Fkc1wvMjAyMlwvMTBcL3ZpbGxhZ2UtY2hhdGVsLmpwZyIsInNsaWRlc2hvdyI6IjFjZmZhNWQifQ%3D%3D\">\n\t\t\t\t\t<div class=\"e-gallery-image elementor-gallery-item__image\" data-thumbnail=\"https:\/\/www.hotelbelalp.com\/wp-content\/uploads\/2022\/10\/village-chatel-300x200.jpg\" data-width=\"300\" data-height=\"200\" aria-label=\"\" role=\"img\" ><\/div>\n\t\t\t\t\t\t\t\t\t\t\t<div class=\"elementor-gallery-item__overlay\"><\/div>\n\t\t\t\t\t\t\t\t\t\t\t\t\t\t<\/a>\n\t\t\t\t\t\t\t<a class=\"e-gallery-item elementor-gallery-item elementor-animated-content\" data-e-gallery-tags=\"3\" href=\"https:\/\/www.hotelbelalp.com\/wp-content\/uploads\/2022\/11\/ThinkstockPhotos-482764343.jpg\" data-elementor-open-lightbox=\"yes\" data-elementor-lightbox-slideshow=\"1cffa5d\" data-elementor-lightbox-title=\"ski area montagnes Chatel\" data-e-action-hash=\"#elementor-action%3Aaction%3Dlightbox%26settings%3DeyJpZCI6Nzg4LCJ1cmwiOiJodHRwczpcL1wvd3d3LmhvdGVsYmVsYWxwLmNvbVwvd3AtY29udGVudFwvdXBsb2Fkc1wvMjAyMlwvMTFcL1RoaW5rc3RvY2tQaG90b3MtNDgyNzY0MzQzLmpwZyIsInNsaWRlc2hvdyI6IjFjZmZhNWQifQ%3D%3D\">\n\t\t\t\t\t<div class=\"e-gallery-image elementor-gallery-item__image\" data-thumbnail=\"https:\/\/www.hotelbelalp.com\/wp-content\/uploads\/2022\/11\/ThinkstockPhotos-482764343-300x200.jpg\" data-width=\"300\" data-height=\"200\" aria-label=\"\" role=\"img\" ><\/div>\n\t\t\t\t\t\t\t\t\t\t\t<div class=\"elementor-gallery-item__overlay\"><\/div>\n\t\t\t\t\t\t\t\t\t\t\t\t\t\t<\/a>\n\t\t\t\t\t\t\t<a class=\"e-gallery-item elementor-gallery-item elementor-animated-content\" data-e-gallery-tags=\"3\" href=\"https:\/\/www.hotelbelalp.com\/wp-content\/uploads\/2025\/01\/800x600_509296-raquettesesi.jpg\" data-elementor-open-lightbox=\"yes\" data-elementor-lightbox-slideshow=\"1cffa5d\" data-elementor-lightbox-title=\"800x600_509296-raquettesesi\" data-e-action-hash=\"#elementor-action%3Aaction%3Dlightbox%26settings%3DeyJpZCI6MTczMiwidXJsIjoiaHR0cHM6XC9cL3d3dy5ob3RlbGJlbGFscC5jb21cL3dwLWNvbnRlbnRcL3VwbG9hZHNcLzIwMjVcLzAxXC84MDB4NjAwXzUwOTI5Ni1yYXF1ZXR0ZXNlc2kuanBnIiwic2xpZGVzaG93IjoiMWNmZmE1ZCJ9\">\n\t\t\t\t\t<div class=\"e-gallery-image elementor-gallery-item__image\" data-thumbnail=\"https:\/\/www.hotelbelalp.com\/wp-content\/uploads\/2025\/01\/800x600_509296-raquettesesi-300x200.jpg\" data-width=\"300\" data-height=\"200\" aria-label=\"\" role=\"img\" ><\/div>\n\t\t\t\t\t\t\t\t\t\t\t<div class=\"elementor-gallery-item__overlay\"><\/div>\n\t\t\t\t\t\t\t\t\t\t\t\t\t\t<\/a>\n\t\t\t\t\t\t\t<a class=\"e-gallery-item elementor-gallery-item elementor-animated-content\" data-e-gallery-tags=\"3\" href=\"https:\/\/www.hotelbelalp.com\/wp-content\/uploads\/2022\/10\/Portes-du-Soleil-Matthieu-Vitre-2.jpg\" data-elementor-open-lightbox=\"yes\" data-elementor-lightbox-slideshow=\"1cffa5d\" data-elementor-lightbox-title=\"Portes du Soleil-Matthieu Vitr\u00e9-2\" data-e-action-hash=\"#elementor-action%3Aaction%3Dlightbox%26settings%3DeyJpZCI6NTgyLCJ1cmwiOiJodHRwczpcL1wvd3d3LmhvdGVsYmVsYWxwLmNvbVwvd3AtY29udGVudFwvdXBsb2Fkc1wvMjAyMlwvMTBcL1BvcnRlcy1kdS1Tb2xlaWwtTWF0dGhpZXUtVml0cmUtMi5qcGciLCJzbGlkZXNob3ciOiIxY2ZmYTVkIn0%3D\">\n\t\t\t\t\t<div class=\"e-gallery-image elementor-gallery-item__image\" data-thumbnail=\"https:\/\/www.hotelbelalp.com\/wp-content\/uploads\/2022\/10\/Portes-du-Soleil-Matthieu-Vitre-2-200x300.jpg\" data-width=\"200\" data-height=\"300\" aria-label=\"\" role=\"img\" ><\/div>\n\t\t\t\t\t\t\t\t\t\t\t<div class=\"elementor-gallery-item__overlay\"><\/div>\n\t\t\t\t\t\t\t\t\t\t\t\t\t\t<\/a>\n\t\t\t\t\t\t\t<a class=\"e-gallery-item elementor-gallery-item elementor-animated-content\" data-e-gallery-tags=\"3\" href=\"https:\/\/www.hotelbelalp.com\/wp-content\/uploads\/2022\/11\/Portes-du-Soleil-Nicolas-Joly-3.jpg\" data-elementor-open-lightbox=\"yes\" data-elementor-lightbox-slideshow=\"1cffa5d\" data-elementor-lightbox-title=\"Porte du SoleilSkieurs Arnaud KugenerGaelleNell JolyMars 2009\" data-e-action-hash=\"#elementor-action%3Aaction%3Dlightbox%26settings%3DeyJpZCI6NzkyLCJ1cmwiOiJodHRwczpcL1wvd3d3LmhvdGVsYmVsYWxwLmNvbVwvd3AtY29udGVudFwvdXBsb2Fkc1wvMjAyMlwvMTFcL1BvcnRlcy1kdS1Tb2xlaWwtTmljb2xhcy1Kb2x5LTMuanBnIiwic2xpZGVzaG93IjoiMWNmZmE1ZCJ9\">\n\t\t\t\t\t<div class=\"e-gallery-image elementor-gallery-item__image\" data-thumbnail=\"https:\/\/www.hotelbelalp.com\/wp-content\/uploads\/2022\/11\/Portes-du-Soleil-Nicolas-Joly-3-200x300.jpg\" data-width=\"200\" data-height=\"300\" aria-label=\"\" role=\"img\" ><\/div>\n\t\t\t\t\t\t\t\t\t\t\t<div class=\"elementor-gallery-item__overlay\"><\/div>\n\t\t\t\t\t\t\t\t\t\t\t\t\t\t<\/a>\n\t\t\t\t\t\t\t<a class=\"e-gallery-item elementor-gallery-item elementor-animated-content\" data-e-gallery-tags=\"3\" href=\"https:\/\/www.hotelbelalp.com\/wp-content\/uploads\/2022\/10\/Portes-du-Soleil-Matthieu-Vitre-1.jpg\" data-elementor-open-lightbox=\"yes\" data-elementor-lightbox-slideshow=\"1cffa5d\" data-elementor-lightbox-title=\"Portes du Soleil-Matthieu Vitr\u00e9-1\" data-e-action-hash=\"#elementor-action%3Aaction%3Dlightbox%26settings%3DeyJpZCI6NTc0LCJ1cmwiOiJodHRwczpcL1wvd3d3LmhvdGVsYmVsYWxwLmNvbVwvd3AtY29udGVudFwvdXBsb2Fkc1wvMjAyMlwvMTBcL1BvcnRlcy1kdS1Tb2xlaWwtTWF0dGhpZXUtVml0cmUtMS5qcGciLCJzbGlkZXNob3ciOiIxY2ZmYTVkIn0%3D\">\n\t\t\t\t\t<div class=\"e-gallery-image elementor-gallery-item__image\" data-thumbnail=\"https:\/\/www.hotelbelalp.com\/wp-content\/uploads\/2022\/10\/Portes-du-Soleil-Matthieu-Vitre-1-300x200.jpg\" data-width=\"300\" data-height=\"200\" aria-label=\"\" role=\"img\" ><\/div>\n\t\t\t\t\t\t\t\t\t\t\t<div class=\"elementor-gallery-item__overlay\"><\/div>\n\t\t\t\t\t\t\t\t\t\t\t\t\t\t<\/a>\n\t\t\t\t\t\t\t<a class=\"e-gallery-item elementor-gallery-item elementor-animated-content\" data-e-gallery-tags=\"3\" href=\"https:\/\/www.hotelbelalp.com\/wp-content\/uploads\/2022\/11\/Portes-du-Soleil-Matthieu-Vitre-3.jpg\" data-elementor-open-lightbox=\"yes\" data-elementor-lightbox-slideshow=\"1cffa5d\" data-elementor-lightbox-title=\"Portes du Soleil-Matthieu Vitr\u00e9-3\" data-e-action-hash=\"#elementor-action%3Aaction%3Dlightbox%26settings%3DeyJpZCI6Nzg5LCJ1cmwiOiJodHRwczpcL1wvd3d3LmhvdGVsYmVsYWxwLmNvbVwvd3AtY29udGVudFwvdXBsb2Fkc1wvMjAyMlwvMTFcL1BvcnRlcy1kdS1Tb2xlaWwtTWF0dGhpZXUtVml0cmUtMy5qcGciLCJzbGlkZXNob3ciOiIxY2ZmYTVkIn0%3D\">\n\t\t\t\t\t<div class=\"e-gallery-image elementor-gallery-item__image\" data-thumbnail=\"https:\/\/www.hotelbelalp.com\/wp-content\/uploads\/2022\/11\/Portes-du-Soleil-Matthieu-Vitre-3-300x200.jpg\" data-width=\"300\" data-height=\"200\" aria-label=\"\" role=\"img\" ><\/div>\n\t\t\t\t\t\t\t\t\t\t\t<div class=\"elementor-gallery-item__overlay\"><\/div>\n\t\t\t\t\t\t\t\t\t\t\t\t\t\t<\/a>\n\t\t\t\t\t\t\t<a class=\"e-gallery-item elementor-gallery-item elementor-animated-content\" data-e-gallery-tags=\"3\" href=\"https:\/\/www.hotelbelalp.com\/wp-content\/uploads\/2022\/10\/Portes-du-Soleil-Matthieu-Vitre-4.jpg\" data-elementor-open-lightbox=\"yes\" data-elementor-lightbox-slideshow=\"1cffa5d\" data-elementor-lightbox-title=\"Portes du Soleil-Matthieu Vitr\u00e9-4\" data-e-action-hash=\"#elementor-action%3Aaction%3Dlightbox%26settings%3DeyJpZCI6NTA4LCJ1cmwiOiJodHRwczpcL1wvd3d3LmhvdGVsYmVsYWxwLmNvbVwvd3AtY29udGVudFwvdXBsb2Fkc1wvMjAyMlwvMTBcL1BvcnRlcy1kdS1Tb2xlaWwtTWF0dGhpZXUtVml0cmUtNC5qcGciLCJzbGlkZXNob3ciOiIxY2ZmYTVkIn0%3D\">\n\t\t\t\t\t<div class=\"e-gallery-image elementor-gallery-item__image\" data-thumbnail=\"https:\/\/www.hotelbelalp.com\/wp-content\/uploads\/2022\/10\/Portes-du-Soleil-Matthieu-Vitre-4-300x200.jpg\" data-width=\"300\" data-height=\"200\" aria-label=\"\" role=\"img\" ><\/div>\n\t\t\t\t\t\t\t\t\t\t\t<div class=\"elementor-gallery-item__overlay\"><\/div>\n\t\t\t\t\t\t\t\t\t\t\t\t\t\t<\/a>\n\t\t\t\t\t\t\t<a class=\"e-gallery-item elementor-gallery-item elementor-animated-content\" data-e-gallery-tags=\"3\" href=\"https:\/\/www.hotelbelalp.com\/wp-content\/uploads\/2025\/01\/1920x1440_chatel-l-meyer-ski-famille-20230408-036-19648.jpg\" data-elementor-open-lightbox=\"yes\" data-elementor-lightbox-slideshow=\"1cffa5d\" data-elementor-lightbox-title=\"1920x1440_chatel-l-meyer-ski-famille-20230408-036-19648\" data-e-action-hash=\"#elementor-action%3Aaction%3Dlightbox%26settings%3DeyJpZCI6MTczMywidXJsIjoiaHR0cHM6XC9cL3d3dy5ob3RlbGJlbGFscC5jb21cL3dwLWNvbnRlbnRcL3VwbG9hZHNcLzIwMjVcLzAxXC8xOTIweDE0NDBfY2hhdGVsLWwtbWV5ZXItc2tpLWZhbWlsbGUtMjAyMzA0MDgtMDM2LTE5NjQ4LmpwZyIsInNsaWRlc2hvdyI6IjFjZmZhNWQifQ%3D%3D\">\n\t\t\t\t\t<div class=\"e-gallery-image elementor-gallery-item__image\" data-thumbnail=\"https:\/\/www.hotelbelalp.com\/wp-content\/uploads\/2025\/01\/1920x1440_chatel-l-meyer-ski-famille-20230408-036-19648-300x200.jpg\" data-width=\"300\" data-height=\"200\" aria-label=\"\" role=\"img\" ><\/div>\n\t\t\t\t\t\t\t\t\t\t\t<div class=\"elementor-gallery-item__overlay\"><\/div>\n\t\t\t\t\t\t\t\t\t\t\t\t\t\t<\/a>\n\t\t\t\t\t\t\t<a class=\"e-gallery-item elementor-gallery-item elementor-animated-content\" data-e-gallery-tags=\"3\" href=\"https:\/\/www.hotelbelalp.com\/wp-content\/uploads\/2022\/11\/Portes-du-Soleil-Nicolas-Joly-2.jpg\" data-elementor-open-lightbox=\"yes\" data-elementor-lightbox-slideshow=\"1cffa5d\" data-elementor-lightbox-title=\"Porte du SoleilSkieurs Arnaud KugenerGaelleNell JolyMars 2009\" data-e-action-hash=\"#elementor-action%3Aaction%3Dlightbox%26settings%3DeyJpZCI6NzkxLCJ1cmwiOiJodHRwczpcL1wvd3d3LmhvdGVsYmVsYWxwLmNvbVwvd3AtY29udGVudFwvdXBsb2Fkc1wvMjAyMlwvMTFcL1BvcnRlcy1kdS1Tb2xlaWwtTmljb2xhcy1Kb2x5LTIuanBnIiwic2xpZGVzaG93IjoiMWNmZmE1ZCJ9\">\n\t\t\t\t\t<div class=\"e-gallery-image elementor-gallery-item__image\" data-thumbnail=\"https:\/\/www.hotelbelalp.com\/wp-content\/uploads\/2022\/11\/Portes-du-Soleil-Nicolas-Joly-2-200x300.jpg\" data-width=\"200\" data-height=\"300\" aria-label=\"\" role=\"img\" ><\/div>\n\t\t\t\t\t\t\t\t\t\t\t<div class=\"elementor-gallery-item__overlay\"><\/div>\n\t\t\t\t\t\t\t\t\t\t\t\t\t\t<\/a>\n\t\t\t\t\t\t\t<a class=\"e-gallery-item elementor-gallery-item elementor-animated-content\" data-e-gallery-tags=\"3\" href=\"https:\/\/www.hotelbelalp.com\/wp-content\/uploads\/2022\/10\/hotel-belalp-05-Portes-du-Soleil-Nicolas-Joly-5.jpg\" data-elementor-open-lightbox=\"yes\" data-elementor-lightbox-slideshow=\"1cffa5d\" data-elementor-lightbox-title=\"Porte du SoleilSkieurs Arnaud KugenerGaelleNell JolyMars 2009\" data-e-action-hash=\"#elementor-action%3Aaction%3Dlightbox%26settings%3DeyJpZCI6MzA3LCJ1cmwiOiJodHRwczpcL1wvd3d3LmhvdGVsYmVsYWxwLmNvbVwvd3AtY29udGVudFwvdXBsb2Fkc1wvMjAyMlwvMTBcL2hvdGVsLWJlbGFscC0wNS1Qb3J0ZXMtZHUtU29sZWlsLU5pY29sYXMtSm9seS01LmpwZyIsInNsaWRlc2hvdyI6IjFjZmZhNWQifQ%3D%3D\">\n\t\t\t\t\t<div class=\"e-gallery-image elementor-gallery-item__image\" data-thumbnail=\"https:\/\/www.hotelbelalp.com\/wp-content\/uploads\/2022\/10\/hotel-belalp-05-Portes-du-Soleil-Nicolas-Joly-5-300x200.jpg\" data-width=\"300\" data-height=\"200\" aria-label=\"\" role=\"img\" ><\/div>\n\t\t\t\t\t\t\t\t\t\t\t<div class=\"elementor-gallery-item__overlay\"><\/div>\n\t\t\t\t\t\t\t\t\t\t\t\t\t\t<\/a>\n\t\t\t\t\t\t\t<a class=\"e-gallery-item elementor-gallery-item elementor-animated-content\" data-e-gallery-tags=\"3\" href=\"https:\/\/www.hotelbelalp.com\/wp-content\/uploads\/2022\/10\/hotel-belalp-04-Portes-du-Soleil-Nicolas-Joly-6.jpg\" data-elementor-open-lightbox=\"yes\" data-elementor-lightbox-slideshow=\"1cffa5d\" data-elementor-lightbox-title=\"Porte du SoleilSkieurs Arnaud KugenerGaelleNell JolyMars 2009\" data-e-action-hash=\"#elementor-action%3Aaction%3Dlightbox%26settings%3DeyJpZCI6MzA2LCJ1cmwiOiJodHRwczpcL1wvd3d3LmhvdGVsYmVsYWxwLmNvbVwvd3AtY29udGVudFwvdXBsb2Fkc1wvMjAyMlwvMTBcL2hvdGVsLWJlbGFscC0wNC1Qb3J0ZXMtZHUtU29sZWlsLU5pY29sYXMtSm9seS02LmpwZyIsInNsaWRlc2hvdyI6IjFjZmZhNWQifQ%3D%3D\">\n\t\t\t\t\t<div class=\"e-gallery-image elementor-gallery-item__image\" data-thumbnail=\"https:\/\/www.hotelbelalp.com\/wp-content\/uploads\/2022\/10\/hotel-belalp-04-Portes-du-Soleil-Nicolas-Joly-6-200x300.jpg\" data-width=\"200\" data-height=\"300\" aria-label=\"\" role=\"img\" ><\/div>\n\t\t\t\t\t\t\t\t\t\t\t<div class=\"elementor-gallery-item__overlay\"><\/div>\n\t\t\t\t\t\t\t\t\t\t\t\t\t\t<\/a>\n\t\t\t\t\t\t\t<a class=\"e-gallery-item elementor-gallery-item elementor-animated-content\" data-e-gallery-tags=\"3\" href=\"https:\/\/www.hotelbelalp.com\/wp-content\/uploads\/2025\/01\/800x600_508449-domaine_nordique_la_chapelle_16_01_2021gilles_lansard_20.jpg\" data-elementor-open-lightbox=\"yes\" data-elementor-lightbox-slideshow=\"1cffa5d\" data-elementor-lightbox-title=\"800x600_508449-domaine_nordique_la_chapelle_16_01_2021gilles_lansard_20\" data-e-action-hash=\"#elementor-action%3Aaction%3Dlightbox%26settings%3DeyJpZCI6MTczNCwidXJsIjoiaHR0cHM6XC9cL3d3dy5ob3RlbGJlbGFscC5jb21cL3dwLWNvbnRlbnRcL3VwbG9hZHNcLzIwMjVcLzAxXC84MDB4NjAwXzUwODQ0OS1kb21haW5lX25vcmRpcXVlX2xhX2NoYXBlbGxlXzE2XzAxXzIwMjFnaWxsZXNfbGFuc2FyZF8yMC5qcGciLCJzbGlkZXNob3ciOiIxY2ZmYTVkIn0%3D\">\n\t\t\t\t\t<div class=\"e-gallery-image elementor-gallery-item__image\" data-thumbnail=\"https:\/\/www.hotelbelalp.com\/wp-content\/uploads\/2025\/01\/800x600_508449-domaine_nordique_la_chapelle_16_01_2021gilles_lansard_20-300x200.jpg\" data-width=\"300\" data-height=\"200\" aria-label=\"\" role=\"img\" ><\/div>\n\t\t\t\t\t\t\t\t\t\t\t<div class=\"elementor-gallery-item__overlay\"><\/div>\n\t\t\t\t\t\t\t\t\t\t\t\t\t\t<\/a>\n\t\t\t\t\t\t\t<a class=\"e-gallery-item elementor-gallery-item elementor-animated-content\" data-e-gallery-tags=\"3\" href=\"https:\/\/www.hotelbelalp.com\/wp-content\/uploads\/2025\/02\/20231206_143157-scaled.jpg\" data-elementor-open-lightbox=\"yes\" data-elementor-lightbox-slideshow=\"1cffa5d\" data-elementor-lightbox-title=\"20231206_143157\" data-e-action-hash=\"#elementor-action%3Aaction%3Dlightbox%26settings%3DeyJpZCI6MTk4NCwidXJsIjoiaHR0cHM6XC9cL3d3dy5ob3RlbGJlbGFscC5jb21cL3dwLWNvbnRlbnRcL3VwbG9hZHNcLzIwMjVcLzAyXC8yMDIzMTIwNl8xNDMxNTctc2NhbGVkLmpwZyIsInNsaWRlc2hvdyI6IjFjZmZhNWQifQ%3D%3D\">\n\t\t\t\t\t<div class=\"e-gallery-image elementor-gallery-item__image\" data-thumbnail=\"https:\/\/www.hotelbelalp.com\/wp-content\/uploads\/2025\/02\/20231206_143157-300x225.jpg\" data-width=\"300\" data-height=\"225\" aria-label=\"\" role=\"img\" ><\/div>\n\t\t\t\t\t\t\t\t\t\t\t<div class=\"elementor-gallery-item__overlay\"><\/div>\n\t\t\t\t\t\t\t\t\t\t\t\t\t\t<\/a>\n\t\t\t\t\t\t\t<a class=\"e-gallery-item elementor-gallery-item elementor-animated-content\" data-e-gallery-tags=\"3\" href=\"https:\/\/www.hotelbelalp.com\/wp-content\/uploads\/2025\/02\/DSCN2192-scaled.jpg\" data-elementor-open-lightbox=\"yes\" data-elementor-lightbox-slideshow=\"1cffa5d\" data-elementor-lightbox-title=\"DSCN2192\" data-e-action-hash=\"#elementor-action%3Aaction%3Dlightbox%26settings%3DeyJpZCI6MTk3NSwidXJsIjoiaHR0cHM6XC9cL3d3dy5ob3RlbGJlbGFscC5jb21cL3dwLWNvbnRlbnRcL3VwbG9hZHNcLzIwMjVcLzAyXC9EU0NOMjE5Mi1zY2FsZWQuanBnIiwic2xpZGVzaG93IjoiMWNmZmE1ZCJ9\">\n\t\t\t\t\t<div class=\"e-gallery-image elementor-gallery-item__image\" data-thumbnail=\"https:\/\/www.hotelbelalp.com\/wp-content\/uploads\/2025\/02\/DSCN2192-300x200.jpg\" data-width=\"300\" data-height=\"200\" aria-label=\"\" role=\"img\" ><\/div>\n\t\t\t\t\t\t\t\t\t\t\t<div class=\"elementor-gallery-item__overlay\"><\/div>\n\t\t\t\t\t\t\t\t\t\t\t\t\t\t<\/a>\n\t\t\t\t\t\t\t<a class=\"e-gallery-item elementor-gallery-item elementor-animated-content\" data-e-gallery-tags=\"3\" href=\"https:\/\/www.hotelbelalp.com\/wp-content\/uploads\/2025\/02\/20240910_144334-scaled.jpg\" data-elementor-open-lightbox=\"yes\" data-elementor-lightbox-slideshow=\"1cffa5d\" data-elementor-lightbox-title=\"20240910_144334\" data-e-action-hash=\"#elementor-action%3Aaction%3Dlightbox%26settings%3DeyJpZCI6MTc3NCwidXJsIjoiaHR0cHM6XC9cL3d3dy5ob3RlbGJlbGFscC5jb21cL3dwLWNvbnRlbnRcL3VwbG9hZHNcLzIwMjVcLzAyXC8yMDI0MDkxMF8xNDQzMzQtc2NhbGVkLmpwZyIsInNsaWRlc2hvdyI6IjFjZmZhNWQifQ%3D%3D\">\n\t\t\t\t\t<div class=\"e-gallery-image elementor-gallery-item__image\" data-thumbnail=\"https:\/\/www.hotelbelalp.com\/wp-content\/uploads\/2025\/02\/20240910_144334-225x300.jpg\" data-width=\"225\" data-height=\"300\" aria-label=\"\" role=\"img\" ><\/div>\n\t\t\t\t\t\t\t\t\t\t\t<div class=\"elementor-gallery-item__overlay\"><\/div>\n\t\t\t\t\t\t\t\t\t\t\t\t\t\t<\/a>\n\t\t\t\t\t\t\t<a class=\"e-gallery-item elementor-gallery-item elementor-animated-content\" data-e-gallery-tags=\"3\" href=\"https:\/\/www.hotelbelalp.com\/wp-content\/uploads\/2025\/02\/20230808_122633-scaled.jpg\" data-elementor-open-lightbox=\"yes\" data-elementor-lightbox-slideshow=\"1cffa5d\" data-elementor-lightbox-title=\"20230808_122633\" data-e-action-hash=\"#elementor-action%3Aaction%3Dlightbox%26settings%3DeyJpZCI6MTk4NSwidXJsIjoiaHR0cHM6XC9cL3d3dy5ob3RlbGJlbGFscC5jb21cL3dwLWNvbnRlbnRcL3VwbG9hZHNcLzIwMjVcLzAyXC8yMDIzMDgwOF8xMjI2MzMtc2NhbGVkLmpwZyIsInNsaWRlc2hvdyI6IjFjZmZhNWQifQ%3D%3D\">\n\t\t\t\t\t<div class=\"e-gallery-image elementor-gallery-item__image\" data-thumbnail=\"https:\/\/www.hotelbelalp.com\/wp-content\/uploads\/2025\/02\/20230808_122633-300x225.jpg\" data-width=\"300\" data-height=\"225\" aria-label=\"\" role=\"img\" ><\/div>\n\t\t\t\t\t\t\t\t\t\t\t<div class=\"elementor-gallery-item__overlay\"><\/div>\n\t\t\t\t\t\t\t\t\t\t\t\t\t\t<\/a>\n\t\t\t\t\t\t\t<a class=\"e-gallery-item elementor-gallery-item elementor-animated-content\" data-e-gallery-tags=\"3\" href=\"https:\/\/www.hotelbelalp.com\/wp-content\/uploads\/2025\/02\/20220511_102259-scaled.jpg\" data-elementor-open-lightbox=\"yes\" data-elementor-lightbox-slideshow=\"1cffa5d\" data-elementor-lightbox-title=\"20220511_102259\" data-e-action-hash=\"#elementor-action%3Aaction%3Dlightbox%26settings%3DeyJpZCI6MTc2NCwidXJsIjoiaHR0cHM6XC9cL3d3dy5ob3RlbGJlbGFscC5jb21cL3dwLWNvbnRlbnRcL3VwbG9hZHNcLzIwMjVcLzAyXC8yMDIyMDUxMV8xMDIyNTktc2NhbGVkLmpwZyIsInNsaWRlc2hvdyI6IjFjZmZhNWQifQ%3D%3D\">\n\t\t\t\t\t<div class=\"e-gallery-image elementor-gallery-item__image\" data-thumbnail=\"https:\/\/www.hotelbelalp.com\/wp-content\/uploads\/2025\/02\/20220511_102259-300x225.jpg\" data-width=\"300\" data-height=\"225\" aria-label=\"\" role=\"img\" ><\/div>\n\t\t\t\t\t\t\t\t\t\t\t<div class=\"elementor-gallery-item__overlay\"><\/div>\n\t\t\t\t\t\t\t\t\t\t\t\t\t\t<\/a>\n\t\t\t\t\t\t\t<a class=\"e-gallery-item elementor-gallery-item elementor-animated-content\" data-e-gallery-tags=\"3\" href=\"https:\/\/www.hotelbelalp.com\/wp-content\/uploads\/2025\/01\/1920x1440_black-shore-l-meyer-ch-tel-21263.jpg\" data-elementor-open-lightbox=\"yes\" data-elementor-lightbox-slideshow=\"1cffa5d\" data-elementor-lightbox-title=\"1920x1440_black-shore-l-meyer-ch-tel-21263\" data-e-action-hash=\"#elementor-action%3Aaction%3Dlightbox%26settings%3DeyJpZCI6MTc0NCwidXJsIjoiaHR0cHM6XC9cL3d3dy5ob3RlbGJlbGFscC5jb21cL3dwLWNvbnRlbnRcL3VwbG9hZHNcLzIwMjVcLzAxXC8xOTIweDE0NDBfYmxhY2stc2hvcmUtbC1tZXllci1jaC10ZWwtMjEyNjMuanBnIiwic2xpZGVzaG93IjoiMWNmZmE1ZCJ9\">\n\t\t\t\t\t<div class=\"e-gallery-image elementor-gallery-item__image\" data-thumbnail=\"https:\/\/www.hotelbelalp.com\/wp-content\/uploads\/2025\/01\/1920x1440_black-shore-l-meyer-ch-tel-21263-300x200.jpg\" data-width=\"300\" data-height=\"200\" aria-label=\"\" role=\"img\" ><\/div>\n\t\t\t\t\t\t\t\t\t\t\t<div class=\"elementor-gallery-item__overlay\"><\/div>\n\t\t\t\t\t\t\t\t\t\t\t\t\t\t<\/a>\n\t\t\t\t\t\t\t<a class=\"e-gallery-item elementor-gallery-item elementor-animated-content\" data-e-gallery-tags=\"3\" href=\"https:\/\/www.hotelbelalp.com\/wp-content\/uploads\/2023\/01\/P1070065-scaled.jpg\" data-elementor-open-lightbox=\"yes\" data-elementor-lightbox-slideshow=\"1cffa5d\" data-elementor-lightbox-title=\"P1070065\" data-e-action-hash=\"#elementor-action%3Aaction%3Dlightbox%26settings%3DeyJpZCI6MTU2MywidXJsIjoiaHR0cHM6XC9cL3d3dy5ob3RlbGJlbGFscC5jb21cL3dwLWNvbnRlbnRcL3VwbG9hZHNcLzIwMjNcLzAxXC9QMTA3MDA2NS1zY2FsZWQuanBnIiwic2xpZGVzaG93IjoiMWNmZmE1ZCJ9\">\n\t\t\t\t\t<div class=\"e-gallery-image elementor-gallery-item__image\" data-thumbnail=\"https:\/\/www.hotelbelalp.com\/wp-content\/uploads\/2023\/01\/P1070065-300x200.jpg\" data-width=\"300\" data-height=\"200\" aria-label=\"\" role=\"img\" ><\/div>\n\t\t\t\t\t\t\t\t\t\t\t<div class=\"elementor-gallery-item__overlay\"><\/div>\n\t\t\t\t\t\t\t\t\t\t\t\t\t\t<\/a>\n\t\t\t\t\t<\/div>\n\t\t\t\t\t<\/div>\n\t\t\t\t<\/div>\n\t\t\t\t\t<\/div>\n\t\t<\/div>\n\t\t\t\t\t<\/div>\n\t\t<\/section>\n\t\t\t\t<\/div>","protected":false},"excerpt":{"rendered":"<p>EN IMAGES, L&rsquo;H\u00d4TEL, LES CHAMBRES, LE SPA, LE RESTAURANT POUR VOUS DONNER ENVIE DE VACANCES \u00c0 CH\u00c2TEL Pour imaginer votre prochain s\u00e9jour \u00e0 Ch\u00e2tel, d\u00e9couvrez notre galerie photos. Au fil des images, vous pourrez appr\u00e9cier l&rsquo;ambiance confortable et chaleureuse du chalet, de ses chambres, de son restaurant et de son espace d\u00e9tente &amp; spa. Tout [&hellip;]<\/p>\n","protected":false},"author":12,"featured_media":0,"parent":0,"menu_order":0,"comment_status":"closed","ping_status":"closed","template":"","meta":{"inline_featured_image":false,"footnotes":""},"class_list":["post-681","page","type-page","status-publish","hentry"],"_links":{"self":[{"href":"https:\/\/www.hotelbelalp.com\/en\/wp-json\/wp\/v2\/pages\/681","targetHints":{"allow":["GET"]}}],"collection":[{"href":"https:\/\/www.hotelbelalp.com\/en\/wp-json\/wp\/v2\/pages"}],"about":[{"href":"https:\/\/www.hotelbelalp.com\/en\/wp-json\/wp\/v2\/types\/page"}],"author":[{"embeddable":true,"href":"https:\/\/www.hotelbelalp.com\/en\/wp-json\/wp\/v2\/users\/12"}],"replies":[{"embeddable":true,"href":"https:\/\/www.hotelbelalp.com\/en\/wp-json\/wp\/v2\/comments?post=681"}],"version-history":[{"count":37,"href":"https:\/\/www.hotelbelalp.com\/en\/wp-json\/wp\/v2\/pages\/681\/revisions"}],"predecessor-version":[{"id":2516,"href":"https:\/\/www.hotelbelalp.com\/en\/wp-json\/wp\/v2\/pages\/681\/revisions\/2516"}],"wp:attachment":[{"href":"https:\/\/www.hotelbelalp.com\/en\/wp-json\/wp\/v2\/media?parent=681"}],"curies":[{"name":"wp","href":"https:\/\/api.w.org\/{rel}","templated":true}]}}